{"id":947,"date":"2025-05-17T11:20:16","date_gmt":"2025-05-17T08:20:16","guid":{"rendered":"https:\/\/wir2030.com\/casa\/"},"modified":"2025-05-30T17:40:08","modified_gmt":"2025-05-30T14:40:08","slug":"casa","status":"publish","type":"page","link":"https:\/\/wir2030.com\/it\/","title":{"rendered":"Casa"},"content":{"rendered":"\n<div class=\"wp-block-group alignfull is-style-section-2 has-global-padding is-content-justification-center is-layout-constrained wp-block-group-is-layout-constrained is-style-section-2--1\" id=\"intro-section\" style=\"margin-top:0;margin-bottom:0;padding-top:var(--wp--preset--spacing--40);padding-bottom:var(--wp--preset--spacing--40)\">\n<div class=\"wp-block-group alignwide has-global-padding is-layout-constrained wp-container-core-group-is-layout-8c40d188 wp-block-group-is-layout-constrained\">\n<div class=\"wp-block-columns alignwide are-vertically-aligned-top is-layout-flex wp-container-core-columns-is-layout-a3cd5189 wp-block-columns-is-layout-flex\">\n<div class=\"wp-block-column is-vertically-aligned-top has-global-padding is-content-justification-left is-layout-constrained wp-container-core-column-is-layout-0f59c219 wp-block-column-is-layout-constrained\">\n<h3 class=\"wp-block-heading\">Insieme per il cambiamento sociale<br\/><br\/><strong>Cosa voleva Martin Lutero con le sue 95 tesi (brevemente riassunte):<\/strong><\/h3>\n\n\n\n<p class=\"wp-block-paragraph\">Martin Lutero <strong>non<\/strong> voleva <strong>distruggere la Chiesa<\/strong>, ma <strong>ricondurla alla sua vera missione<\/strong>.<br\/>Le sue 95 tesi (1517) erano dirette contro:<\/p>\n\n\n\n<ul class=\"wp-block-list\">\n<li>l&#8217;<strong>abuso del potere religioso<\/strong> (soprattutto attraverso la vendita delle indulgenze),<\/li>\n\n\n\n<li>la <strong>strumentalizzazione della fede<\/strong> a favore di interessi politici ed economici,<\/li>\n\n\n\n<li>l \u201c<strong>oscuramento della verit\u00e0 attraverso l\u201d autorit\u00e0<\/strong>,<\/li>\n\n\n\n<li>l \u201c<strong>incapacit\u00e0 dell\u201d individuo<\/strong>, al quale non \u00e8 stato permesso di pensare, credere e capire da solo.<\/li>\n<\/ul>\n\n\n\n<p class=\"wp-block-paragraph\">L \u201cobiettivo era una <strong>riforma dall\u201d interno<\/strong> che <strong>mettesse al centro le persone<\/strong>:<br\/>Con coscienza, conoscenza e responsabilit\u00e0 davanti a Dio, <strong>non come semplici oggetti del potere ecclesiastico o secolare<\/strong>.<\/p>\n\n\n\n<hr class=\"wp-block-separator has-alpha-channel-opacity\"\/>\n\n\n\n<h3 class=\"wp-block-heading\"><strong>Cosa vuole ottenere Wir2030 (brevemente riassunto):<\/strong><\/h3>\n\n\n\n<p class=\"wp-block-paragraph\"><strong>We2030<\/strong> si batte per un <strong>cambiamento pacifico<\/strong>, allontanandosi da una societ\u00e0 controllata tecnocraticamente verso un ordine in cui:<\/p>\n\n\n\n<ul class=\"wp-block-list\">\n<li>La <strong>libert\u00e0 e l&#8217;autodeterminazione<\/strong> sono inviolabili,<\/li>\n\n\n\n<li>Il <strong>potere<\/strong> \u00e8 <strong>limitato e controllato<\/strong>,<\/li>\n\n\n\n<li><strong>La verit\u00e0 si crea con il discorso<\/strong>, non con la censura,<\/li>\n\n\n\n<li><strong>le persone, in quanto soggetti,<\/strong> sono nuovamente autorizzate a pensare, decidere e assumersi la responsabilit\u00e0 di se stesse.<\/li>\n<\/ul>\n\n\n\n<p class=\"wp-block-paragraph\">Anche in questo caso si tratta di una <strong>riforma, ma questa volta della societ\u00e0, della politica e della scienza<\/strong>, in un momento in cui gli interessi economici, la pressione morale e la manipolazione dei media minacciano la libert\u00e0 dell&#8217;individuo.<\/p>\n<\/div>\n\n\n\n<div class=\"wp-block-column is-vertically-aligned-top is-layout-flow wp-block-column-is-layout-flow\" style=\"flex-basis:40%\">\n<p class=\"wp-block-paragraph\">La nostra piattaforma riunisce le persone per dare forma a un vero cambiamento sociale attraverso discussioni aperte e il sostegno congiunto alle 95 tesi. La loro partecipazione \u00e8 la chiave per una societ\u00e0 pi\u00f9 giusta e solidale. <\/p>\n\n\n\n<p class=\"wp-block-paragraph\">\u00c8 un tentativo di trovare il minimo comune denominatore, indipendentemente dalle tue convinzioni politiche o spirituali.<br\/>Crediamo che ci siano cose che tutte le persone vogliono in comune per un futuro giusto e migliore.<\/p>\n\n\n\n<p class=\"wp-block-paragraph\" style=\"font-size:clamp(18.434px, 1.152rem + ((1vw - 3.2px) * 0.943), 29px);\"><strong>Iscriviti alla pagina: ogni uno o due giorni verr\u00e0 illustrata una nuova tesi e verr\u00e0 attivata la relativa sezione dei commenti. <\/strong><br\/><br\/><strong>Iscrivendoti, dimostri di pensarla allo stesso modo e di volere un cambiamento.<br\/><br\/>Se avremo migliaia di iscritti, avremo una voce per cambiare il mondo<\/strong>.<br\/><br\/>Ogni iscritto sar\u00e0 informato immediatamente via e-mail sui nuovi contenuti!<\/p>\n\n\n\n<div class=\"wp-block-buttons is-layout-flex wp-block-buttons-is-layout-flex\">\n<div class=\"wp-block-button\"><a class=\"wp-block-button__link wp-element-button\" href=\"circa\">Chi siamo<\/a><\/div>\n<\/div>\n<\/div>\n<\/div>\n\n\n\n<p class=\"wp-block-paragraph\"><strong>We2030 \u00e8 lo spirito di Wittenberg - in una nuova era.<\/strong><br\/>Proprio come Lutero si oppose al potere moralmente mascherato della Chiesa, <strong>We2030 si oppone all&#8217;invasione moralmente legittimata dello Stato e delle \u00e9lite globali.<\/strong><br\/>Entrambi chiedono:  <strong>L&#8217;uomo \u00e8 libero. E nessuno ha il diritto di togliergli questa libert\u00e0 in nome della &#8220;giustizia&#8221;. <\/strong><\/p>\n\n\n\n<figure class=\"wp-block-image size-full\"><img data-recalc-dims=\"1\" loading=\"lazy\" decoding=\"async\" width=\"640\" height=\"640\" src=\"https:\/\/i0.wp.com\/wir2030.com\/wp-content\/uploads\/2025\/05\/wir2030-bild-1.jpg?resize=640%2C640&#038;ssl=1\" alt=\"\" class=\"wp-image-64\"\/><\/figure>\n\n\n\n<h2 class=\"wp-block-heading\">Le 95 tesi di WIR2030  <\/h2>\n<\/div>\n\n\n\n<p class=\"wp-block-paragraph\">Quando trovi un collegamento ipertestuale puoi gi\u00e0 vedere la spiegazione e partecipare alla discussione: contribuisci tu stesso al nuovo mondo.<\/p>\n\n\n\n<ul class=\"wp-block-list has-link-color wp-elements-f452b3a196af2ab5dca012ac4f285c56\">\n<li><a href=\"https:\/\/wir2030.com\/it\/2025\/05\/17\/tesi-1-luomo-nasce-libero-e-non-appartiene-ne-allo-stato-ne-alle-corporazioni\/\">1. L&#8217;uomo nasce libero e non appartiene n\u00e9 allo Stato n\u00e9 alle corporazioni.<\/a><\/li>\n\n\n\n<li> <a href=\"https:\/\/wir2030.com\/it\/2025\/05\/17\/tesi-2-nessuna-legge-puo-censurare-la-verita\/\">2. Nessuna legge pu\u00f2 censurare la verit\u00e0.<\/a><\/li>\n\n\n\n<li> <a href=\"https:\/\/wir2030.com\/it\/2025\/05\/17\/tesi-3-la-dittatura-inizia-quando-i-media-sono-sincronizzati\/\">3. La dittatura inizia quando i media vengono messi in riga.<\/a><\/li>\n\n\n\n<li> <a href=\"https:\/\/wir2030.com\/it\/2025\/05\/17\/tesi-4-la-coercizione-non-e-protezione-ma-violenza\/\">4. La coercizione non \u00e8 protezione, ma violenza.<\/a><\/li>\n\n\n\n<li> <a href=\"https:\/\/wir2030.com\/it\/2025\/05\/17\/tesi-5-la-paura-non-e-uno-strumento-legittimo-di-governo\/\">5. la paura non \u00e8 uno strumento legittimo di governo.<\/a><\/li>\n\n\n\n<li><a href=\"https:\/\/wir2030.com\/it\/2025\/05\/17\/tesi-6-la-salute-non-puo-essere-imposta-e-una-responsabilita-individuale\/\">  6 La salute non pu\u00f2 essere imposta, \u00e8 una responsabilit\u00e0 individuale.<\/a><\/li>\n\n\n\n<li> <a href=\"https:\/\/wir2030.com\/it\/2025\/05\/17\/tesi-7-il-corpo-umano-e-inviolabile-anche-in-tempi-di-crisi\/\">7. il corpo umano \u00e8 inviolabile, anche in tempi di crisi.<\/a><\/li>\n\n\n\n<li><a href=\"https:\/\/wir2030.com\/it\/2025\/05\/17\/tesi-8-la-sorveglianza-digitale-cancella-la-liberta-non-il-virus\/\">  8 La sorveglianza digitale cancella la libert\u00e0, non il virus.<\/a><\/li>\n\n\n\n<li> <a href=\"https:\/\/wir2030.com\/it\/2025\/05\/17\/tesi-9-qualsiasi-misura-senza-dibattito-e-un-colpo-alla-democrazia\/\">9. qualsiasi provvedimento senza dibattito \u00e8 un colpo alla democrazia.<\/a><\/li>\n\n\n\n<li> <a href=\"https:\/\/wir2030.com\/it\/2025\/05\/17\/tesi-10-la-liberta-di-espressione-non-e-relativa-e-assoluta\/\">10 La libert\u00e0 di espressione non \u00e8 relativa, \u00e8 assoluta.<\/a><\/li>\n\n\n\n<li>  11 La scienza vive di contraddizioni, non di consenso.<\/li>\n\n\n\n<li>  12. lo Stato non deve fare propaganda, nemmeno attraverso le autorit\u00e0 sanitarie.<\/li>\n\n\n\n<li>  13 Nessuna pandemia giustifica l&#8217;abolizione dei diritti fondamentali.<\/li>\n\n\n\n<li>  14 Chiunque censuri le critiche ha qualcosa da nascondere.<\/li>\n\n\n\n<li>  15 La democrazia non \u00e8 rilevante dal punto di vista sistemico: \u00e8 il sistema.<\/li>\n\n\n\n<li>  16 Se i parlamenti si limitano ad annuire, non esiste pi\u00f9 la separazione dei poteri.<\/li>\n\n\n\n<li>  17 Nessuna persona pu\u00f2 essere costretta a sottoporsi a un trattamento medico o di altro tipo contro la sua volont\u00e0.<\/li>\n\n\n\n<li>  18 I passaporti digitali non sono una forma di protezione, ma uno strumento di controllo.<\/li>\n\n\n\n<li>  19 Man non \u00e8 un codice QR.<\/li>\n\n\n\n<li>  20 La verit\u00e0 ha bisogno di coraggio, anche se \u00e8 scomoda.<\/li>\n\n\n\n<li><a href=\"https:\/\/wir2030.com\/it\/2025\/05\/21\/tesi-21-ogni-societa-ha-bisogno-di-informatori-non-di-delatori\/\">  21 Ogni societ\u00e0 ha bisogno di informatori, non di delatori.<\/a><\/li>\n\n\n\n<li>  22 La solidariet\u00e0 inizia con l&#8217;ascolto.<\/li>\n\n\n\n<li>  23 La paura uccide l&#8217;empatia.<\/li>\n\n\n\n<li>  24 Chi indottrina i giovani distrugge la fiducia nel futuro.<\/li>\n\n\n\n<li> <a href=\"https:\/\/wir2030.com\/it\/2025\/05\/20\/tesi-25-la-democrazia-ha-bisogno-di-istruzione-libera-non-di-programmi-di-rieducazione-statale\/\">25 La democrazia ha bisogno di un&#8217;istruzione gratuita, senza programmi di rieducazione statale<\/a><\/li>\n\n\n\n<li>  26. l&#8217;uomo \u00e8 pi\u00f9 di un consumatore.<\/li>\n\n\n\n<li>  27 La libert\u00e0 non \u00e8 un privilegio, ma un diritto di nascita.<\/li>\n\n\n\n<li>  28. l&#8217;uomo ha diritto alla vita analogica.<\/li>\n\n\n\n<li>  29 La salute inizia con la libert\u00e0, non con i divieti.<\/li>\n\n\n\n<li>  30. indossare una maschera non sostituisce il pensiero.<\/li>\n\n\n\n<li>  31 Ogni misura autoritaria apre la strada alla dittatura.<\/li>\n\n\n\n<li> <a href=\"https:\/\/wir2030.com\/it\/2025\/05\/21\/tesi-34-le-crisi-rivelano-il-carattere-di-chi-detiene-il-potere\/\" data-type=\"link\" data-id=\"https:\/\/wir2030.com\/2025\/05\/21\/these-34-krisen-zeigen-den-charakter-der-regierenden\/\">32 La dignit\u00e0 umana si applica anche in uno stato di emergenza.<\/a><\/li>\n\n\n\n<li>  33 Lo stato di emergenza non deve mai diventare la normalit\u00e0.<\/li>\n\n\n\n<li> <a href=\"https:\/\/wir2030.com\/it\/2025\/05\/21\/tesi-34-le-crisi-rivelano-il-carattere-di-chi-detiene-il-potere\/\" data-type=\"link\" data-id=\"https:\/\/wir2030.com\/2025\/05\/21\/these-34-krisen-zeigen-den-charakter-der-regierenden\/\">34 Le crisi mostrano il carattere di chi \u00e8 al potere.<\/a><\/li>\n\n\n\n<li><a href=\"https:\/\/wir2030.com\/it\/2025\/05\/18\/tesi-35-chiunque-difenda-la-democrazia-non-e-un-estremista\/\" data-type=\"link\" data-id=\"https:\/\/wir2030.com\/2025\/05\/18\/these-35-wer-die-demokratie-verteidigt-ist-kein-extremist\/\">  35 Chiunque difenda la democrazia non \u00e8 un estremista.<\/a><\/li>\n\n\n\n<li>  36 Chiunque faccia domande non \u00e8 un cospiratore.<\/li>\n\n\n\n<li>  37 La pi\u00f9 grande cospirazione \u00e8 la soppressione organizzata del dubbio.<\/li>\n\n\n\n<li>  38 La verit\u00e0 non ha bisogno di censura.<\/li>\n\n\n\n<li>  39 Le persone non devono essere trasformate in numeri.<\/li>\n\n\n\n<li>  40 Una societ\u00e0 che premia l&#8217;obbedienza distrugge il coraggio civile.<\/li>\n\n\n\n<li><a href=\"https:\/\/wir2030.com\/it\/2025\/05\/26\/tesi-41-tutti-hanno-il-diritto-di-sbagliare-compresi-medici-giornalisti-e-politici\/\">  41 Tutti hanno il diritto di sbagliare, compresi medici, giornalisti e politici.<\/a><\/li>\n\n\n\n<li>  42 La trasparenza \u00e8 la moneta della vera democrazia.<\/li>\n\n\n\n<li>  43 Chiunque parli di \u201cnessuna alternativa\u201d ha gi\u00e0 perso il dibattito.<\/li>\n\n\n\n<li>  44 La fiducia nelle istituzioni non sostituisce la responsabilit\u00e0 personale.<\/li>\n\n\n\n<li>  45 La digitalizzazione non deve significare disumanizzazione.<\/li>\n\n\n\n<li>  46 I dati non sono di propriet\u00e0 dello Stato.<\/li>\n\n\n\n<li>  47 La narrazione non sostituisce la verit\u00e0.<\/li>\n\n\n\n<li><strong> <\/strong>48 Chi rimane in silenzio \u00e8 corresponsabile.  <\/li>\n\n\n\n<li>  49 Lo Stato \u00e8 al servizio del cittadino, non viceversa.<\/li>\n\n\n\n<li>  50 La fiducia non si pu\u00f2 comandare, ma si guadagna con un comportamento integerrimo.  <\/li>\n\n\n\n<li><a href=\"https:\/\/wir2030.com\/it\/2025\/05\/19\/tesi-51-il-potere-ha-bisogno-di-limitazioni-non-di-liberta\/\" data-type=\"link\" data-id=\"https:\/\/wir2030.com\/2025\/05\/19\/these-51-die-macht-braucht-begrenzung-nicht-die-freiheit\/\"><strong> <\/strong>51 Il potere ha bisogno di limitazioni, non di libert\u00e0<strong>.<\/strong><\/a><\/li>\n\n\n\n<li>  52 La paura paralizza - l&#8217;illuminazione libera.<\/li>\n\n\n\n<li>  53 La storia non deve ripetersi, nemmeno in digitale.<\/li>\n\n\n\n<li>  54 \u201cMai pi\u00f9\u201d inizia con un \u201cno\u201d allo Stato autoritario.<\/li>\n\n\n\n<li>  55 Nessuna app pu\u00f2 sostituire l&#8217;incontro umano.<\/li>\n\n\n\n<li>  56 La democrazia non ha bisogno di \u201cfact-checkers\u201d, ma di dibattiti aperti.<\/li>\n\n\n\n<li>  57 Le statistiche manipolate sono bugie sotto forma di numeri.<\/li>\n\n\n\n<li class=\"has-link-color wp-elements-d908ee85645779fb1d2b5cfec324e3f8\"><strong> <\/strong>58 La dignit\u00e0 umana non finisce mai, indipendentemente dal momento di crisi.  <\/li>\n\n\n\n<li><a href=\"https:\/\/wir2030.com\/it\/2025\/05\/22\/tesi-59-nessun-governo-al-mondo-puo-introdurre-misure-coercitive-globali\/\">  59 Nessun governo al mondo pu\u00f2 introdurre misure coercitive globali.<\/a><\/li>\n\n\n\n<li>  60 Il globalismo senza democrazia \u00e8 una tirannia.<\/li>\n\n\n\n<li>  61 La politica sanitaria senza un fondamento etico \u00e8 una politica di potere.<\/li>\n\n\n\n<li> <a href=\"https:\/\/wir2030.com\/it\/2025\/05\/24\/tesi-62-pharma-non-deve-dettare-la-politica-globale\/\" data-type=\"link\" data-id=\"https:\/\/wir2030.com\/2025\/05\/24\/these-62-pharma-darf-nicht-die-weltpolitik-diktieren\/\">62 Pharma non deve dettare la politica globale.<\/a><\/li>\n\n\n\n<li>  63 L&#8217;OMS non \u00e8 un parlamento mondiale.<\/li>\n\n\n\n<li>  64 Chiunque prolunghi lo stato di emergenza mette fine alla libert\u00e0.<\/li>\n\n\n\n<li>  65 Nessuna persona pu\u00f2 essere distrutta socialmente per aver criticato.<\/li>\n\n\n\n<li>  66 Una democrazia che non pu\u00f2 tollerare altre opinioni non \u00e8 una democrazia.  <\/li>\n\n\n\n<li>67 Il totalitarismo arriva in modo insidioso, spesso sotto forma di preoccupazione.<\/li>\n\n\n\n<li>68 Il fine non giustifica tutti i mezzi.<\/li>\n\n\n\n<li>69 Chi spaventa i bambini distrugge la loro fiducia in se stessi e nel mondo, e quindi anche nel futuro.  <\/li>\n\n\n\n<li>70 Credere nell&#8217;autorit\u00e0 indebolisce la democrazia. Credere in se stessi e assumersi le proprie responsabilit\u00e0 la rafforza.   <\/li>\n\n\n\n<li>  71 Un buon Stato protegge i suoi critici, non il suo potere.<\/li>\n\n\n\n<li>  72 Il potere ha bisogno di essere controllato - dalle persone, non dagli algoritmi.<\/li>\n\n\n\n<li><a href=\"https:\/\/wir2030.com\/it\/2025\/05\/25\/tesi-73-gli-esseri-umani-non-sono-cavie\/\">  73 Gli esseri umani non sono cavie.<\/a><\/li>\n\n\n\n<li><strong> <\/strong>74 La medicina \u00e8 una scienza libera. Solo il paziente e il terapeuta decidono. Lo Stato non deve intervenire nel rapporto medico-paziente.    <\/li>\n\n\n\n<li>  75 La verit\u00e0 non \u00e8 mai relativa - \u00e8 ricercabile.<\/li>\n\n\n\n<li> <a href=\"https:\/\/wir2030.com\/it\/2025\/05\/23\/tesi-76-la-morale-non-sostituisce-le-liberta-civili\/\" data-type=\"link\" data-id=\"https:\/\/wir2030.com\/2025\/05\/23\/these-76-moral-ersetzt-keine-freiheitsrechte\/\">76 La morale non sostituisce le libert\u00e0 civili.<\/a><\/li>\n\n\n\n<li>  77 Chiunque ponga la legge marziale al di sopra della legge civile ha abbandonato la democrazia.<\/li>\n\n\n\n<li> <a href=\"https:\/\/wir2030.com\/it\/2025\/05\/19\/tesi-78-chi-pianifica-uno-stato-di-emergenza-non-vuole-la-liberta\/\">78 Chi pianifica uno stato di emergenza non vuole la libert\u00e0.<\/a><\/li>\n\n\n\n<li>  79 La democrazia deve essere difesa ogni giorno.<\/li>\n\n\n\n<li>  80 Un movimento inizia sempre con gli individui.<\/li>\n\n\n\n<li>  81 Gli individui possono commettere errori, cos\u00ec come le masse.<\/li>\n\n\n\n<li>  82 La libert\u00e0 muore a piccoli passi.<\/li>\n\n\n\n<li>  83 Il ritorno alla normalit\u00e0 non \u00e8 un regalo, \u00e8 un nostro diritto.<\/li>\n\n\n\n<li>  84 Coloro che dividono le persone non hanno una soluzione, ma solo un interesse per il potere.<\/li>\n\n\n\n<li>  85 L \u201cuomo \u00e8 chiamato alla libert\u00e0, non all\u201d amministrazione.<\/li>\n\n\n\n<li>  86 Nessun progresso giustifica la perdita dei diritti umani.<\/li>\n\n\n\n<li>  87 Il controllo non genera fiducia.<\/li>\n\n\n\n<li>  88 La dignit\u00e0 umana \u00e8 indivisibile.<\/li>\n\n\n\n<li><a href=\"https:\/\/wir2030.com\/it\/2025\/05\/20\/tesi-89-se-lo-stato-controlla-tutto-non-ce-spazio-per-la-responsabilita\/\" data-type=\"link\" data-id=\"https:\/\/wir2030.com\/2025\/05\/20\/these-89-wenn-der-staat-alles-kontrolliert-bleibt-kein-platz-fuer-verantwortung\/\">  89 Se lo Stato controlla tutto, non c&#8217;\u00e8 spazio per la responsabilit\u00e0.<\/a><\/li>\n\n\n\n<li>  90 Nessuna autorit\u00e0 \u00e8 al di sopra della legge naturale.<\/li>\n\n\n\n<li>  91 Ogni epoca ha bisogno di una riforma.<\/li>\n\n\n\n<li>  Il 92. 2020 non \u00e8 stato un riavvio, ma un campanello d&#8217;allarme.<\/li>\n\n\n\n<li>  93 Le tasse non sono una licenza per l&#8217;esproprio - tutto ci\u00f2 che supera il 10% \u00e8 una rapina.<\/li>\n\n\n\n<li>  94 I politici, i funzionari pubblici, i giudici e i pubblici ministeri sono personalmente responsabili delle loro azioni - il loro giuramento \u00e8 esecutivo.<\/li>\n\n\n\n<li><a href=\"https:\/\/wir2030.com\/it\/2025\/05\/18\/tesi-95-la-violenza-non-deve-mai-piu-provenire-dallo-stato-ma-solo-dal-popolo\/\" data-type=\"link\" data-id=\"https:\/\/wir2030.com\/2025\/05\/18\/these-95-die-gewalt-darf-nie-wieder-vom-staat-ausgehen-sondern-nur-vom-volk\/\">  95 Il monopolio dell&#8217;uso della forza torna al sovrano: il cittadino responsabile.<\/a><\/li>\n<\/ul>\n<\/div>\n\n<div class=\"wp-block-group alignfull is-style-section-default has-global-padding is-content-justification-center is-layout-constrained wp-container-core-group-is-layout-6c20df79 wp-block-group-is-layout-constrained\" id=\"posts-section\" style=\"margin-top:0;margin-bottom:0;padding-top:var(--wp--preset--spacing--50);padding-bottom:var(--wp--preset--spacing--30)\">\n<h2 class=\"wp-block-heading alignwide wp-container-content-958eb9dc\">Le ultime discussioni sul cambiamento sociale<\/h2>\n\n\n\n<div class=\"wp-block-group alignfull is-style-default has-global-padding is-content-justification-center is-layout-constrained wp-container-core-group-is-layout-7b982284 wp-block-group-is-layout-constrained\" style=\"margin-top:0;margin-bottom:0;padding-top:var(--wp--preset--spacing--50);padding-bottom:var(--wp--preset--spacing--50)\">\n<h2 class=\"wp-block-heading alignwide wp-container-content-958eb9dc\">Contributi<\/h2>\n\n\n\n<div class=\"wp-block-query alignwide is-layout-flow wp-block-query-is-layout-flow\"><ul class=\"wp-block-post-template is-layout-grid wp-container-core-post-template-is-layout-f67e17f5 wp-block-post-template-is-layout-grid\"><li class=\"wp-block-post post-1450 post type-post status-publish format-standard has-post-thumbnail hentry category-italiano\">\n\n<div class=\"wp-block-group is-layout-flow wp-container-core-group-is-layout-8df997c1 wp-block-group-is-layout-flow\"><figure style=\"aspect-ratio:1; margin-bottom:24px;\" class=\"wp-block-post-featured-image\"><a href=\"https:\/\/wir2030.com\/it\/2025\/06\/10\/tesi-11-la-scienza-prospera-sulla-contraddizione-non-sul-consenso\/\" target=\"_self\"  ><img data-recalc-dims=\"1\" loading=\"lazy\" decoding=\"async\" width=\"1024\" height=\"768\" src=\"https:\/\/i0.wp.com\/wir2030.com\/wp-content\/uploads\/2025\/06\/image-1.png?resize=1024%2C768&#038;ssl=1\" class=\"attachment-post-thumbnail size-post-thumbnail wp-post-image\" alt=\"Tesi 11: La scienza prospera sulla contraddizione, non sul consenso.\" style=\"width:100%;height:100%;object-fit:cover;\" srcset=\"https:\/\/i0.wp.com\/wir2030.com\/wp-content\/uploads\/2025\/06\/image-1.png?w=1024&amp;ssl=1 1024w, https:\/\/i0.wp.com\/wir2030.com\/wp-content\/uploads\/2025\/06\/image-1.png?resize=300%2C225&amp;ssl=1 300w, https:\/\/i0.wp.com\/wir2030.com\/wp-content\/uploads\/2025\/06\/image-1.png?resize=768%2C576&amp;ssl=1 768w, https:\/\/i0.wp.com\/wir2030.com\/wp-content\/uploads\/2025\/06\/image-1.png?resize=800%2C600&amp;ssl=1 800w, https:\/\/i0.wp.com\/wir2030.com\/wp-content\/uploads\/2025\/06\/image-1.png?resize=600%2C450&amp;ssl=1 600w, https:\/\/i0.wp.com\/wir2030.com\/wp-content\/uploads\/2025\/06\/image-1.png?resize=400%2C300&amp;ssl=1 400w, https:\/\/i0.wp.com\/wir2030.com\/wp-content\/uploads\/2025\/06\/image-1.png?resize=200%2C150&amp;ssl=1 200w\" sizes=\"auto, (max-width: 1000px) 100vw, 1000px\" data-attachment-id=\"1433\" data-permalink=\"https:\/\/wir2030.com\/it\/2025\/06\/10\/tesi-11-la-scienza-prospera-sulla-contraddizione-non-sul-consenso\/image-37-2\/\" data-orig-file=\"https:\/\/i0.wp.com\/wir2030.com\/wp-content\/uploads\/2025\/06\/image-1.png?fit=1024%2C768&amp;ssl=1\" data-orig-size=\"1024,768\" data-comments-opened=\"1\" data-image-meta=\"{&quot;aperture&quot;:&quot;0&quot;,&quot;credit&quot;:&quot;&quot;,&quot;camera&quot;:&quot;&quot;,&quot;caption&quot;:&quot;&quot;,&quot;created_timestamp&quot;:&quot;0&quot;,&quot;copyright&quot;:&quot;&quot;,&quot;focal_length&quot;:&quot;0&quot;,&quot;iso&quot;:&quot;0&quot;,&quot;shutter_speed&quot;:&quot;0&quot;,&quot;title&quot;:&quot;&quot;,&quot;orientation&quot;:&quot;0&quot;}\" data-image-title=\"image\" data-image-description=\"\" data-image-caption=\"\" data-large-file=\"https:\/\/i0.wp.com\/wir2030.com\/wp-content\/uploads\/2025\/06\/image-1.png?fit=1024%2C768&amp;ssl=1\" \/><\/a><\/figure>\n\n<h3 class=\"wp-block-post-title has-medium-font-size\"><a href=\"https:\/\/wir2030.com\/it\/2025\/06\/10\/tesi-11-la-scienza-prospera-sulla-contraddizione-non-sul-consenso\/\" target=\"_self\" >Tesi 11: La scienza prospera sulla contraddizione, non sul consenso.<\/a><\/h3>\n\n<div class=\"wp-block-post-date has-small-font-size\"><time datetime=\"2025-06-10T17:40:00+03:00\">10 Giugno 2025<\/time><\/div>\n\n\n<div style=\"height:var(--wp--preset--spacing--20)\" aria-hidden=\"true\" class=\"wp-block-spacer\"><\/div>\n<\/div>\n\n<\/li><li class=\"wp-block-post post-1385 post type-post status-publish format-standard has-post-thumbnail hentry category-italiano\">\n\n<div class=\"wp-block-group is-layout-flow wp-container-core-group-is-layout-8df997c1 wp-block-group-is-layout-flow\"><figure style=\"aspect-ratio:1; margin-bottom:24px;\" class=\"wp-block-post-featured-image\"><a href=\"https:\/\/wir2030.com\/it\/2025\/06\/06\/tesi-27-la-liberta-non-e-un-privilegio-ma-un-diritto-di-nascita\/\" target=\"_self\"  ><img data-recalc-dims=\"1\" loading=\"lazy\" decoding=\"async\" width=\"1024\" height=\"768\" src=\"https:\/\/i0.wp.com\/wir2030.com\/wp-content\/uploads\/2025\/06\/europaische-menschen-feiern-ihre-freiheit-von-der-tyrannei.png?resize=1024%2C768&#038;ssl=1\" class=\"attachment-post-thumbnail size-post-thumbnail wp-post-image\" alt=\"Tesi 27: La libert\u00e0 non \u00e8 un privilegio, ma un diritto di nascita.\" style=\"width:100%;height:100%;object-fit:cover;\" srcset=\"https:\/\/i0.wp.com\/wir2030.com\/wp-content\/uploads\/2025\/06\/europaische-menschen-feiern-ihre-freiheit-von-der-tyrannei.png?w=1024&amp;ssl=1 1024w, https:\/\/i0.wp.com\/wir2030.com\/wp-content\/uploads\/2025\/06\/europaische-menschen-feiern-ihre-freiheit-von-der-tyrannei.png?resize=300%2C225&amp;ssl=1 300w, https:\/\/i0.wp.com\/wir2030.com\/wp-content\/uploads\/2025\/06\/europaische-menschen-feiern-ihre-freiheit-von-der-tyrannei.png?resize=768%2C576&amp;ssl=1 768w, https:\/\/i0.wp.com\/wir2030.com\/wp-content\/uploads\/2025\/06\/europaische-menschen-feiern-ihre-freiheit-von-der-tyrannei.png?resize=800%2C600&amp;ssl=1 800w, https:\/\/i0.wp.com\/wir2030.com\/wp-content\/uploads\/2025\/06\/europaische-menschen-feiern-ihre-freiheit-von-der-tyrannei.png?resize=600%2C450&amp;ssl=1 600w, https:\/\/i0.wp.com\/wir2030.com\/wp-content\/uploads\/2025\/06\/europaische-menschen-feiern-ihre-freiheit-von-der-tyrannei.png?resize=400%2C300&amp;ssl=1 400w, https:\/\/i0.wp.com\/wir2030.com\/wp-content\/uploads\/2025\/06\/europaische-menschen-feiern-ihre-freiheit-von-der-tyrannei.png?resize=200%2C150&amp;ssl=1 200w\" sizes=\"auto, (max-width: 1000px) 100vw, 1000px\" data-attachment-id=\"1361\" data-permalink=\"https:\/\/wir2030.com\/it\/2025\/06\/06\/tesi-27-la-liberta-non-e-un-privilegio-ma-un-diritto-di-nascita\/europaische-menschen-feiern-ihre-freiheit-von-der-tyrannei-2\/\" data-orig-file=\"https:\/\/i0.wp.com\/wir2030.com\/wp-content\/uploads\/2025\/06\/europaische-menschen-feiern-ihre-freiheit-von-der-tyrannei.png?fit=1024%2C768&amp;ssl=1\" data-orig-size=\"1024,768\" data-comments-opened=\"1\" data-image-meta=\"{&quot;aperture&quot;:&quot;0&quot;,&quot;credit&quot;:&quot;&quot;,&quot;camera&quot;:&quot;&quot;,&quot;caption&quot;:&quot;&quot;,&quot;created_timestamp&quot;:&quot;0&quot;,&quot;copyright&quot;:&quot;&quot;,&quot;focal_length&quot;:&quot;0&quot;,&quot;iso&quot;:&quot;0&quot;,&quot;shutter_speed&quot;:&quot;0&quot;,&quot;title&quot;:&quot;&quot;,&quot;orientation&quot;:&quot;0&quot;}\" data-image-title=\"europaische-menschen-feiern-ihre-freiheit-von-der-tyrannei\" data-image-description=\"\" data-image-caption=\"\" data-large-file=\"https:\/\/i0.wp.com\/wir2030.com\/wp-content\/uploads\/2025\/06\/europaische-menschen-feiern-ihre-freiheit-von-der-tyrannei.png?fit=1024%2C768&amp;ssl=1\" \/><\/a><\/figure>\n\n<h3 class=\"wp-block-post-title has-medium-font-size\"><a href=\"https:\/\/wir2030.com\/it\/2025\/06\/06\/tesi-27-la-liberta-non-e-un-privilegio-ma-un-diritto-di-nascita\/\" target=\"_self\" >Tesi 27: La libert\u00e0 non \u00e8 un privilegio, ma un diritto di nascita.<\/a><\/h3>\n\n<div class=\"wp-block-post-date has-small-font-size\"><time datetime=\"2025-06-06T07:59:00+03:00\">6 Giugno 2025<\/time><\/div>\n\n\n<div style=\"height:var(--wp--preset--spacing--20)\" aria-hidden=\"true\" class=\"wp-block-spacer\"><\/div>\n<\/div>\n\n<\/li><li class=\"wp-block-post post-1390 post type-post status-publish format-standard has-post-thumbnail hentry category-italiano\">\n\n<div class=\"wp-block-group is-layout-flow wp-container-core-group-is-layout-8df997c1 wp-block-group-is-layout-flow\"><figure style=\"aspect-ratio:1; margin-bottom:24px;\" class=\"wp-block-post-featured-image\"><a href=\"https:\/\/wir2030.com\/it\/2025\/06\/04\/tesi-87-il-controllo-non-genera-fiducia\/\" target=\"_self\"  ><img data-recalc-dims=\"1\" loading=\"lazy\" decoding=\"async\" width=\"1024\" height=\"768\" src=\"https:\/\/i0.wp.com\/wir2030.com\/wp-content\/uploads\/2025\/05\/image-34.png?resize=1024%2C768&#038;ssl=1\" class=\"attachment-post-thumbnail size-post-thumbnail wp-post-image\" alt=\"Tesi 87: Il controllo non genera fiducia.\" style=\"width:100%;height:100%;object-fit:cover;\" srcset=\"https:\/\/i0.wp.com\/wir2030.com\/wp-content\/uploads\/2025\/05\/image-34.png?w=1024&amp;ssl=1 1024w, https:\/\/i0.wp.com\/wir2030.com\/wp-content\/uploads\/2025\/05\/image-34.png?resize=300%2C225&amp;ssl=1 300w, https:\/\/i0.wp.com\/wir2030.com\/wp-content\/uploads\/2025\/05\/image-34.png?resize=768%2C576&amp;ssl=1 768w, https:\/\/i0.wp.com\/wir2030.com\/wp-content\/uploads\/2025\/05\/image-34.png?resize=800%2C600&amp;ssl=1 800w, https:\/\/i0.wp.com\/wir2030.com\/wp-content\/uploads\/2025\/05\/image-34.png?resize=600%2C450&amp;ssl=1 600w, https:\/\/i0.wp.com\/wir2030.com\/wp-content\/uploads\/2025\/05\/image-34.png?resize=400%2C300&amp;ssl=1 400w, https:\/\/i0.wp.com\/wir2030.com\/wp-content\/uploads\/2025\/05\/image-34.png?resize=200%2C150&amp;ssl=1 200w\" sizes=\"auto, (max-width: 1000px) 100vw, 1000px\" data-attachment-id=\"1331\" data-permalink=\"https:\/\/wir2030.com\/it\/2025\/06\/04\/tesi-87-il-controllo-non-genera-fiducia\/image-35-2\/\" data-orig-file=\"https:\/\/i0.wp.com\/wir2030.com\/wp-content\/uploads\/2025\/05\/image-34.png?fit=1024%2C768&amp;ssl=1\" data-orig-size=\"1024,768\" data-comments-opened=\"1\" data-image-meta=\"{&quot;aperture&quot;:&quot;0&quot;,&quot;credit&quot;:&quot;&quot;,&quot;camera&quot;:&quot;&quot;,&quot;caption&quot;:&quot;&quot;,&quot;created_timestamp&quot;:&quot;0&quot;,&quot;copyright&quot;:&quot;&quot;,&quot;focal_length&quot;:&quot;0&quot;,&quot;iso&quot;:&quot;0&quot;,&quot;shutter_speed&quot;:&quot;0&quot;,&quot;title&quot;:&quot;&quot;,&quot;orientation&quot;:&quot;0&quot;}\" data-image-title=\"image\" data-image-description=\"\" data-image-caption=\"\" data-large-file=\"https:\/\/i0.wp.com\/wir2030.com\/wp-content\/uploads\/2025\/05\/image-34.png?fit=1024%2C768&amp;ssl=1\" \/><\/a><\/figure>\n\n<h3 class=\"wp-block-post-title has-medium-font-size\"><a href=\"https:\/\/wir2030.com\/it\/2025\/06\/04\/tesi-87-il-controllo-non-genera-fiducia\/\" target=\"_self\" >Tesi 87: Il controllo non genera fiducia.<\/a><\/h3>\n\n<div class=\"wp-block-post-date has-small-font-size\"><time datetime=\"2025-06-04T07:54:00+03:00\">4 Giugno 2025<\/time><\/div>\n\n\n<div style=\"height:var(--wp--preset--spacing--20)\" aria-hidden=\"true\" class=\"wp-block-spacer\"><\/div>\n<\/div>\n\n<\/li><li class=\"wp-block-post post-1389 post type-post status-publish format-standard has-post-thumbnail hentry category-italiano\">\n\n<div class=\"wp-block-group is-layout-flow wp-container-core-group-is-layout-8df997c1 wp-block-group-is-layout-flow\"><figure style=\"aspect-ratio:1; margin-bottom:24px;\" class=\"wp-block-post-featured-image\"><a href=\"https:\/\/wir2030.com\/it\/2025\/06\/02\/tesi-67-il-totalitarismo-non-inizia-con-le-catene-ma-con-la-perdita-di-responsabilita\/\" target=\"_self\"  ><img data-recalc-dims=\"1\" loading=\"lazy\" decoding=\"async\" width=\"1024\" height=\"768\" src=\"https:\/\/i0.wp.com\/wir2030.com\/wp-content\/uploads\/2025\/05\/image-33.png?resize=1024%2C768&#038;ssl=1\" class=\"attachment-post-thumbnail size-post-thumbnail wp-post-image\" alt=\"Tesi 67: Il totalitarismo non inizia con le catene, ma con la perdita di responsabilit\u00e0.\" style=\"width:100%;height:100%;object-fit:cover;\" srcset=\"https:\/\/i0.wp.com\/wir2030.com\/wp-content\/uploads\/2025\/05\/image-33.png?w=1024&amp;ssl=1 1024w, https:\/\/i0.wp.com\/wir2030.com\/wp-content\/uploads\/2025\/05\/image-33.png?resize=300%2C225&amp;ssl=1 300w, https:\/\/i0.wp.com\/wir2030.com\/wp-content\/uploads\/2025\/05\/image-33.png?resize=768%2C576&amp;ssl=1 768w, https:\/\/i0.wp.com\/wir2030.com\/wp-content\/uploads\/2025\/05\/image-33.png?resize=800%2C600&amp;ssl=1 800w, https:\/\/i0.wp.com\/wir2030.com\/wp-content\/uploads\/2025\/05\/image-33.png?resize=600%2C450&amp;ssl=1 600w, https:\/\/i0.wp.com\/wir2030.com\/wp-content\/uploads\/2025\/05\/image-33.png?resize=400%2C300&amp;ssl=1 400w, https:\/\/i0.wp.com\/wir2030.com\/wp-content\/uploads\/2025\/05\/image-33.png?resize=200%2C150&amp;ssl=1 200w\" sizes=\"auto, (max-width: 1000px) 100vw, 1000px\" data-attachment-id=\"1318\" data-permalink=\"https:\/\/wir2030.com\/it\/2025\/06\/02\/tesi-67-il-totalitarismo-non-inizia-con-le-catene-ma-con-la-perdita-di-responsabilita\/image-34-2\/\" data-orig-file=\"https:\/\/i0.wp.com\/wir2030.com\/wp-content\/uploads\/2025\/05\/image-33.png?fit=1024%2C768&amp;ssl=1\" data-orig-size=\"1024,768\" data-comments-opened=\"1\" data-image-meta=\"{&quot;aperture&quot;:&quot;0&quot;,&quot;credit&quot;:&quot;&quot;,&quot;camera&quot;:&quot;&quot;,&quot;caption&quot;:&quot;&quot;,&quot;created_timestamp&quot;:&quot;0&quot;,&quot;copyright&quot;:&quot;&quot;,&quot;focal_length&quot;:&quot;0&quot;,&quot;iso&quot;:&quot;0&quot;,&quot;shutter_speed&quot;:&quot;0&quot;,&quot;title&quot;:&quot;&quot;,&quot;orientation&quot;:&quot;0&quot;}\" data-image-title=\"image\" data-image-description=\"\" data-image-caption=\"\" data-large-file=\"https:\/\/i0.wp.com\/wir2030.com\/wp-content\/uploads\/2025\/05\/image-33.png?fit=1024%2C768&amp;ssl=1\" \/><\/a><\/figure>\n\n<h3 class=\"wp-block-post-title has-medium-font-size\"><a href=\"https:\/\/wir2030.com\/it\/2025\/06\/02\/tesi-67-il-totalitarismo-non-inizia-con-le-catene-ma-con-la-perdita-di-responsabilita\/\" target=\"_self\" >Tesi 67: Il totalitarismo non inizia con le catene, ma con la perdita di responsabilit\u00e0.<\/a><\/h3>\n\n<div class=\"wp-block-post-date has-small-font-size\"><time datetime=\"2025-06-02T07:45:00+03:00\">2 Giugno 2025<\/time><\/div>\n\n\n<div style=\"height:var(--wp--preset--spacing--20)\" aria-hidden=\"true\" class=\"wp-block-spacer\"><\/div>\n<\/div>\n\n<\/li><li class=\"wp-block-post post-1278 post type-post status-publish format-standard has-post-thumbnail hentry category-italiano\">\n\n<div class=\"wp-block-group is-layout-flow wp-container-core-group-is-layout-8df997c1 wp-block-group-is-layout-flow\"><figure style=\"aspect-ratio:1; margin-bottom:24px;\" class=\"wp-block-post-featured-image\"><a href=\"https:\/\/wir2030.com\/it\/2025\/05\/31\/tesi-14-chiunque-censuri-le-critiche-ha-qualcosa-da-nascondere\/\" target=\"_self\"  ><img data-recalc-dims=\"1\" loading=\"lazy\" decoding=\"async\" width=\"626\" height=\"524\" src=\"https:\/\/i0.wp.com\/wir2030.com\/wp-content\/uploads\/2025\/05\/2025-05-26-10.49.58-AM.png?resize=626%2C524&#038;ssl=1\" class=\"attachment-post-thumbnail size-post-thumbnail wp-post-image\" alt=\"Tesi 14: Chiunque censuri le critiche ha qualcosa da nascondere.\" style=\"width:100%;height:100%;object-fit:cover;\" srcset=\"https:\/\/i0.wp.com\/wir2030.com\/wp-content\/uploads\/2025\/05\/2025-05-26-10.49.58-AM.png?w=626&amp;ssl=1 626w, https:\/\/i0.wp.com\/wir2030.com\/wp-content\/uploads\/2025\/05\/2025-05-26-10.49.58-AM.png?resize=300%2C251&amp;ssl=1 300w\" sizes=\"auto, (max-width: 626px) 100vw, 626px\" data-attachment-id=\"1258\" data-permalink=\"https:\/\/wir2030.com\/it\/2025\/05\/31\/tesi-14-chiunque-censuri-le-critiche-ha-qualcosa-da-nascondere\/2025-05-26-10-49-58-am-2\/\" data-orig-file=\"https:\/\/i0.wp.com\/wir2030.com\/wp-content\/uploads\/2025\/05\/2025-05-26-10.49.58-AM.png?fit=626%2C524&amp;ssl=1\" data-orig-size=\"626,524\" data-comments-opened=\"1\" data-image-meta=\"{&quot;aperture&quot;:&quot;0&quot;,&quot;credit&quot;:&quot;&quot;,&quot;camera&quot;:&quot;&quot;,&quot;caption&quot;:&quot;&quot;,&quot;created_timestamp&quot;:&quot;0&quot;,&quot;copyright&quot;:&quot;&quot;,&quot;focal_length&quot;:&quot;0&quot;,&quot;iso&quot;:&quot;0&quot;,&quot;shutter_speed&quot;:&quot;0&quot;,&quot;title&quot;:&quot;&quot;,&quot;orientation&quot;:&quot;0&quot;}\" data-image-title=\"2025-05-26 10.49.58 AM\" data-image-description=\"\" data-image-caption=\"\" data-large-file=\"https:\/\/i0.wp.com\/wir2030.com\/wp-content\/uploads\/2025\/05\/2025-05-26-10.49.58-AM.png?fit=626%2C524&amp;ssl=1\" \/><\/a><\/figure>\n\n<h3 class=\"wp-block-post-title has-medium-font-size\"><a href=\"https:\/\/wir2030.com\/it\/2025\/05\/31\/tesi-14-chiunque-censuri-le-critiche-ha-qualcosa-da-nascondere\/\" target=\"_self\" >Tesi 14: Chiunque censuri le critiche ha qualcosa da nascondere.<\/a><\/h3>\n\n<div class=\"wp-block-post-date has-small-font-size\"><time datetime=\"2025-05-31T07:31:00+03:00\">31 Maggio 2025<\/time><\/div>\n\n\n<div style=\"height:var(--wp--preset--spacing--20)\" aria-hidden=\"true\" class=\"wp-block-spacer\"><\/div>\n<\/div>\n\n<\/li><li class=\"wp-block-post post-1272 post type-post status-publish format-standard has-post-thumbnail hentry category-italiano\">\n\n<div class=\"wp-block-group is-layout-flow wp-container-core-group-is-layout-8df997c1 wp-block-group-is-layout-flow\"><figure style=\"aspect-ratio:1; margin-bottom:24px;\" class=\"wp-block-post-featured-image\"><a href=\"https:\/\/wir2030.com\/it\/2025\/05\/30\/tesi-32-la-dignita-umana-si-applica-anche-in-uno-stato-di-emergenza\/\" target=\"_self\"  ><img data-recalc-dims=\"1\" loading=\"lazy\" decoding=\"async\" width=\"1024\" height=\"768\" src=\"https:\/\/i0.wp.com\/wir2030.com\/wp-content\/uploads\/2025\/05\/male-gluckliche-europaische-menschen.png?resize=1024%2C768&#038;ssl=1\" class=\"attachment-post-thumbnail size-post-thumbnail wp-post-image\" alt=\"Tesi 32: La dignit\u00e0 umana si applica anche in uno stato di emergenza.\" style=\"width:100%;height:100%;object-fit:cover;\" srcset=\"https:\/\/i0.wp.com\/wir2030.com\/wp-content\/uploads\/2025\/05\/male-gluckliche-europaische-menschen.png?w=1024&amp;ssl=1 1024w, https:\/\/i0.wp.com\/wir2030.com\/wp-content\/uploads\/2025\/05\/male-gluckliche-europaische-menschen.png?resize=300%2C225&amp;ssl=1 300w, https:\/\/i0.wp.com\/wir2030.com\/wp-content\/uploads\/2025\/05\/male-gluckliche-europaische-menschen.png?resize=768%2C576&amp;ssl=1 768w, https:\/\/i0.wp.com\/wir2030.com\/wp-content\/uploads\/2025\/05\/male-gluckliche-europaische-menschen.png?resize=800%2C600&amp;ssl=1 800w, https:\/\/i0.wp.com\/wir2030.com\/wp-content\/uploads\/2025\/05\/male-gluckliche-europaische-menschen.png?resize=600%2C450&amp;ssl=1 600w, https:\/\/i0.wp.com\/wir2030.com\/wp-content\/uploads\/2025\/05\/male-gluckliche-europaische-menschen.png?resize=400%2C300&amp;ssl=1 400w, https:\/\/i0.wp.com\/wir2030.com\/wp-content\/uploads\/2025\/05\/male-gluckliche-europaische-menschen.png?resize=200%2C150&amp;ssl=1 200w\" sizes=\"auto, (max-width: 1000px) 100vw, 1000px\" data-attachment-id=\"1222\" data-permalink=\"https:\/\/wir2030.com\/it\/2025\/05\/30\/tesi-32-la-dignita-umana-si-applica-anche-in-uno-stato-di-emergenza\/male-gluckliche-europaische-menschen-2\/\" data-orig-file=\"https:\/\/i0.wp.com\/wir2030.com\/wp-content\/uploads\/2025\/05\/male-gluckliche-europaische-menschen.png?fit=1024%2C768&amp;ssl=1\" data-orig-size=\"1024,768\" data-comments-opened=\"1\" data-image-meta=\"{&quot;aperture&quot;:&quot;0&quot;,&quot;credit&quot;:&quot;&quot;,&quot;camera&quot;:&quot;&quot;,&quot;caption&quot;:&quot;&quot;,&quot;created_timestamp&quot;:&quot;0&quot;,&quot;copyright&quot;:&quot;&quot;,&quot;focal_length&quot;:&quot;0&quot;,&quot;iso&quot;:&quot;0&quot;,&quot;shutter_speed&quot;:&quot;0&quot;,&quot;title&quot;:&quot;&quot;,&quot;orientation&quot;:&quot;0&quot;}\" data-image-title=\"male-gluckliche-europaische-menschen\" data-image-description=\"\" data-image-caption=\"\" data-large-file=\"https:\/\/i0.wp.com\/wir2030.com\/wp-content\/uploads\/2025\/05\/male-gluckliche-europaische-menschen.png?fit=1024%2C768&amp;ssl=1\" \/><\/a><\/figure>\n\n<h3 class=\"wp-block-post-title has-medium-font-size\"><a href=\"https:\/\/wir2030.com\/it\/2025\/05\/30\/tesi-32-la-dignita-umana-si-applica-anche-in-uno-stato-di-emergenza\/\" target=\"_self\" >Tesi 32: La dignit\u00e0 umana si applica anche in uno stato di emergenza.<\/a><\/h3>\n\n<div class=\"wp-block-post-date has-small-font-size\"><time datetime=\"2025-05-30T08:26:00+03:00\">30 Maggio 2025<\/time><\/div>\n\n\n<div style=\"height:var(--wp--preset--spacing--20)\" aria-hidden=\"true\" class=\"wp-block-spacer\"><\/div>\n<\/div>\n\n<\/li><li class=\"wp-block-post post-1268 post type-post status-publish format-standard has-post-thumbnail hentry category-italiano\">\n\n<div class=\"wp-block-group is-layout-flow wp-container-core-group-is-layout-8df997c1 wp-block-group-is-layout-flow\"><figure style=\"aspect-ratio:1; margin-bottom:24px;\" class=\"wp-block-post-featured-image\"><a href=\"https:\/\/wir2030.com\/it\/2025\/05\/29\/tesi-24-chi-indottrina-i-giovani-distrugge-la-fiducia-nel-futuro\/\" target=\"_self\"  ><img data-recalc-dims=\"1\" loading=\"lazy\" decoding=\"async\" width=\"1024\" height=\"768\" src=\"https:\/\/i0.wp.com\/wir2030.com\/wp-content\/uploads\/2025\/05\/male-kinder-die-cowboy-und-indianer-spielen-ohne-waffen.png?resize=1024%2C768&#038;ssl=1\" class=\"attachment-post-thumbnail size-post-thumbnail wp-post-image\" alt=\"Tesi 24: Chi indottrina i giovani distrugge la fiducia nel futuro.\" style=\"width:100%;height:100%;object-fit:cover;\" srcset=\"https:\/\/i0.wp.com\/wir2030.com\/wp-content\/uploads\/2025\/05\/male-kinder-die-cowboy-und-indianer-spielen-ohne-waffen.png?w=1024&amp;ssl=1 1024w, https:\/\/i0.wp.com\/wir2030.com\/wp-content\/uploads\/2025\/05\/male-kinder-die-cowboy-und-indianer-spielen-ohne-waffen.png?resize=300%2C225&amp;ssl=1 300w, https:\/\/i0.wp.com\/wir2030.com\/wp-content\/uploads\/2025\/05\/male-kinder-die-cowboy-und-indianer-spielen-ohne-waffen.png?resize=768%2C576&amp;ssl=1 768w, https:\/\/i0.wp.com\/wir2030.com\/wp-content\/uploads\/2025\/05\/male-kinder-die-cowboy-und-indianer-spielen-ohne-waffen.png?resize=800%2C600&amp;ssl=1 800w, https:\/\/i0.wp.com\/wir2030.com\/wp-content\/uploads\/2025\/05\/male-kinder-die-cowboy-und-indianer-spielen-ohne-waffen.png?resize=600%2C450&amp;ssl=1 600w, https:\/\/i0.wp.com\/wir2030.com\/wp-content\/uploads\/2025\/05\/male-kinder-die-cowboy-und-indianer-spielen-ohne-waffen.png?resize=400%2C300&amp;ssl=1 400w, https:\/\/i0.wp.com\/wir2030.com\/wp-content\/uploads\/2025\/05\/male-kinder-die-cowboy-und-indianer-spielen-ohne-waffen.png?resize=200%2C150&amp;ssl=1 200w\" sizes=\"auto, (max-width: 1000px) 100vw, 1000px\" data-attachment-id=\"1199\" data-permalink=\"https:\/\/wir2030.com\/it\/2025\/05\/29\/tesi-24-chi-indottrina-i-giovani-distrugge-la-fiducia-nel-futuro\/male-kinder-die-cowboy-und-indianer-spielen-ohne-waffen-2\/\" data-orig-file=\"https:\/\/i0.wp.com\/wir2030.com\/wp-content\/uploads\/2025\/05\/male-kinder-die-cowboy-und-indianer-spielen-ohne-waffen.png?fit=1024%2C768&amp;ssl=1\" data-orig-size=\"1024,768\" data-comments-opened=\"1\" data-image-meta=\"{&quot;aperture&quot;:&quot;0&quot;,&quot;credit&quot;:&quot;&quot;,&quot;camera&quot;:&quot;&quot;,&quot;caption&quot;:&quot;&quot;,&quot;created_timestamp&quot;:&quot;0&quot;,&quot;copyright&quot;:&quot;&quot;,&quot;focal_length&quot;:&quot;0&quot;,&quot;iso&quot;:&quot;0&quot;,&quot;shutter_speed&quot;:&quot;0&quot;,&quot;title&quot;:&quot;&quot;,&quot;orientation&quot;:&quot;0&quot;}\" data-image-title=\"male-kinder-die-cowboy-und-indianer-spielen-ohne-waffen\" data-image-description=\"\" data-image-caption=\"\" data-large-file=\"https:\/\/i0.wp.com\/wir2030.com\/wp-content\/uploads\/2025\/05\/male-kinder-die-cowboy-und-indianer-spielen-ohne-waffen.png?fit=1024%2C768&amp;ssl=1\" \/><\/a><\/figure>\n\n<h3 class=\"wp-block-post-title has-medium-font-size\"><a href=\"https:\/\/wir2030.com\/it\/2025\/05\/29\/tesi-24-chi-indottrina-i-giovani-distrugge-la-fiducia-nel-futuro\/\" target=\"_self\" >Tesi 24: Chi indottrina i giovani distrugge la fiducia nel futuro.<\/a><\/h3>\n\n<div class=\"wp-block-post-date has-small-font-size\"><time datetime=\"2025-05-29T10:18:58+03:00\">29 Maggio 2025<\/time><\/div>\n\n\n<div style=\"height:var(--wp--preset--spacing--20)\" aria-hidden=\"true\" class=\"wp-block-spacer\"><\/div>\n<\/div>\n\n<\/li><li class=\"wp-block-post post-1168 post type-post status-publish format-standard has-post-thumbnail hentry category-italiano\">\n\n<div class=\"wp-block-group is-layout-flow wp-container-core-group-is-layout-8df997c1 wp-block-group-is-layout-flow\"><figure style=\"aspect-ratio:1; margin-bottom:24px;\" class=\"wp-block-post-featured-image\"><a href=\"https:\/\/wir2030.com\/it\/2025\/05\/28\/tesi-71-un-buon-stato-protegge-i-suoi-critici-non-il-suo-potere\/\" target=\"_self\"  ><img data-recalc-dims=\"1\" loading=\"lazy\" decoding=\"async\" width=\"1024\" height=\"768\" src=\"https:\/\/i0.wp.com\/wir2030.com\/wp-content\/uploads\/2025\/05\/menschen-verschiedener-meinung-europaer-vor-dem-bundestag-statt-weissem-haus.png?resize=1024%2C768&#038;ssl=1\" class=\"attachment-post-thumbnail size-post-thumbnail wp-post-image\" alt=\"Tesi 71: Un buon Stato protegge i suoi critici, non il suo potere.\" style=\"width:100%;height:100%;object-fit:cover;\" srcset=\"https:\/\/i0.wp.com\/wir2030.com\/wp-content\/uploads\/2025\/05\/menschen-verschiedener-meinung-europaer-vor-dem-bundestag-statt-weissem-haus.png?w=1024&amp;ssl=1 1024w, https:\/\/i0.wp.com\/wir2030.com\/wp-content\/uploads\/2025\/05\/menschen-verschiedener-meinung-europaer-vor-dem-bundestag-statt-weissem-haus.png?resize=300%2C225&amp;ssl=1 300w, https:\/\/i0.wp.com\/wir2030.com\/wp-content\/uploads\/2025\/05\/menschen-verschiedener-meinung-europaer-vor-dem-bundestag-statt-weissem-haus.png?resize=768%2C576&amp;ssl=1 768w, https:\/\/i0.wp.com\/wir2030.com\/wp-content\/uploads\/2025\/05\/menschen-verschiedener-meinung-europaer-vor-dem-bundestag-statt-weissem-haus.png?resize=800%2C600&amp;ssl=1 800w, https:\/\/i0.wp.com\/wir2030.com\/wp-content\/uploads\/2025\/05\/menschen-verschiedener-meinung-europaer-vor-dem-bundestag-statt-weissem-haus.png?resize=600%2C450&amp;ssl=1 600w, https:\/\/i0.wp.com\/wir2030.com\/wp-content\/uploads\/2025\/05\/menschen-verschiedener-meinung-europaer-vor-dem-bundestag-statt-weissem-haus.png?resize=400%2C300&amp;ssl=1 400w, https:\/\/i0.wp.com\/wir2030.com\/wp-content\/uploads\/2025\/05\/menschen-verschiedener-meinung-europaer-vor-dem-bundestag-statt-weissem-haus.png?resize=200%2C150&amp;ssl=1 200w\" sizes=\"auto, (max-width: 1000px) 100vw, 1000px\" data-attachment-id=\"1157\" data-permalink=\"https:\/\/wir2030.com\/it\/2025\/05\/28\/tesi-71-un-buon-stato-protegge-i-suoi-critici-non-il-suo-potere\/menschen-verschiedener-meinung-europaer-vor-dem-bundestag-statt-weissem-haus-2\/\" data-orig-file=\"https:\/\/i0.wp.com\/wir2030.com\/wp-content\/uploads\/2025\/05\/menschen-verschiedener-meinung-europaer-vor-dem-bundestag-statt-weissem-haus.png?fit=1024%2C768&amp;ssl=1\" data-orig-size=\"1024,768\" data-comments-opened=\"1\" data-image-meta=\"{&quot;aperture&quot;:&quot;0&quot;,&quot;credit&quot;:&quot;&quot;,&quot;camera&quot;:&quot;&quot;,&quot;caption&quot;:&quot;&quot;,&quot;created_timestamp&quot;:&quot;0&quot;,&quot;copyright&quot;:&quot;&quot;,&quot;focal_length&quot;:&quot;0&quot;,&quot;iso&quot;:&quot;0&quot;,&quot;shutter_speed&quot;:&quot;0&quot;,&quot;title&quot;:&quot;&quot;,&quot;orientation&quot;:&quot;0&quot;}\" data-image-title=\"menschen-verschiedener-meinung-europaer-vor-dem-bundestag-statt-wei\u00dfem-haus\" data-image-description=\"\" data-image-caption=\"\" data-large-file=\"https:\/\/i0.wp.com\/wir2030.com\/wp-content\/uploads\/2025\/05\/menschen-verschiedener-meinung-europaer-vor-dem-bundestag-statt-weissem-haus.png?fit=1024%2C768&amp;ssl=1\" \/><\/a><\/figure>\n\n<h3 class=\"wp-block-post-title has-medium-font-size\"><a href=\"https:\/\/wir2030.com\/it\/2025\/05\/28\/tesi-71-un-buon-stato-protegge-i-suoi-critici-non-il-suo-potere\/\" target=\"_self\" >Tesi 71: Un buon Stato protegge i suoi critici, non il suo potere.<\/a><\/h3>\n\n<div class=\"wp-block-post-date has-small-font-size\"><time datetime=\"2025-05-28T07:50:00+03:00\">28 Maggio 2025<\/time><\/div>\n\n\n<div style=\"height:var(--wp--preset--spacing--20)\" aria-hidden=\"true\" class=\"wp-block-spacer\"><\/div>\n<\/div>\n\n<\/li><li class=\"wp-block-post post-1140 post type-post status-publish format-standard has-post-thumbnail hentry category-italiano\">\n\n<div class=\"wp-block-group is-layout-flow wp-container-core-group-is-layout-8df997c1 wp-block-group-is-layout-flow\"><figure style=\"aspect-ratio:1; margin-bottom:24px;\" class=\"wp-block-post-featured-image\"><a href=\"https:\/\/wir2030.com\/it\/2025\/05\/27\/tesi-44-la-fiducia-nelle-istituzioni-non-sostituisce-la-responsabilita-personale\/\" target=\"_self\"  ><img data-recalc-dims=\"1\" loading=\"lazy\" decoding=\"async\" width=\"1024\" height=\"768\" src=\"https:\/\/i0.wp.com\/wir2030.com\/wp-content\/uploads\/2025\/05\/male-einen-menschen-der-einem-polizisten-das-grundgesetz-wie-eine.png?resize=1024%2C768&#038;ssl=1\" class=\"attachment-post-thumbnail size-post-thumbnail wp-post-image\" alt=\"Tesi 44: La fiducia nelle istituzioni non sostituisce la responsabilit\u00e0 personale.\" style=\"width:100%;height:100%;object-fit:cover;\" srcset=\"https:\/\/i0.wp.com\/wir2030.com\/wp-content\/uploads\/2025\/05\/male-einen-menschen-der-einem-polizisten-das-grundgesetz-wie-eine.png?w=1024&amp;ssl=1 1024w, https:\/\/i0.wp.com\/wir2030.com\/wp-content\/uploads\/2025\/05\/male-einen-menschen-der-einem-polizisten-das-grundgesetz-wie-eine.png?resize=300%2C225&amp;ssl=1 300w, https:\/\/i0.wp.com\/wir2030.com\/wp-content\/uploads\/2025\/05\/male-einen-menschen-der-einem-polizisten-das-grundgesetz-wie-eine.png?resize=768%2C576&amp;ssl=1 768w, https:\/\/i0.wp.com\/wir2030.com\/wp-content\/uploads\/2025\/05\/male-einen-menschen-der-einem-polizisten-das-grundgesetz-wie-eine.png?resize=800%2C600&amp;ssl=1 800w, https:\/\/i0.wp.com\/wir2030.com\/wp-content\/uploads\/2025\/05\/male-einen-menschen-der-einem-polizisten-das-grundgesetz-wie-eine.png?resize=600%2C450&amp;ssl=1 600w, https:\/\/i0.wp.com\/wir2030.com\/wp-content\/uploads\/2025\/05\/male-einen-menschen-der-einem-polizisten-das-grundgesetz-wie-eine.png?resize=400%2C300&amp;ssl=1 400w, https:\/\/i0.wp.com\/wir2030.com\/wp-content\/uploads\/2025\/05\/male-einen-menschen-der-einem-polizisten-das-grundgesetz-wie-eine.png?resize=200%2C150&amp;ssl=1 200w\" sizes=\"auto, (max-width: 1000px) 100vw, 1000px\" data-attachment-id=\"1120\" data-permalink=\"https:\/\/wir2030.com\/it\/2025\/05\/27\/tesi-44-la-fiducia-nelle-istituzioni-non-sostituisce-la-responsabilita-personale\/male-einen-menschen-der-einem-polizisten-das-grundgesetz-wie-eine-2\/\" data-orig-file=\"https:\/\/i0.wp.com\/wir2030.com\/wp-content\/uploads\/2025\/05\/male-einen-menschen-der-einem-polizisten-das-grundgesetz-wie-eine.png?fit=1024%2C768&amp;ssl=1\" data-orig-size=\"1024,768\" data-comments-opened=\"1\" data-image-meta=\"{&quot;aperture&quot;:&quot;0&quot;,&quot;credit&quot;:&quot;&quot;,&quot;camera&quot;:&quot;&quot;,&quot;caption&quot;:&quot;&quot;,&quot;created_timestamp&quot;:&quot;0&quot;,&quot;copyright&quot;:&quot;&quot;,&quot;focal_length&quot;:&quot;0&quot;,&quot;iso&quot;:&quot;0&quot;,&quot;shutter_speed&quot;:&quot;0&quot;,&quot;title&quot;:&quot;&quot;,&quot;orientation&quot;:&quot;0&quot;}\" data-image-title=\"male-einen-menschen-der-einem-polizisten-das-grundgesetz-wie-eine\" data-image-description=\"\" data-image-caption=\"\" data-large-file=\"https:\/\/i0.wp.com\/wir2030.com\/wp-content\/uploads\/2025\/05\/male-einen-menschen-der-einem-polizisten-das-grundgesetz-wie-eine.png?fit=1024%2C768&amp;ssl=1\" \/><\/a><\/figure>\n\n<h3 class=\"wp-block-post-title has-medium-font-size\"><a href=\"https:\/\/wir2030.com\/it\/2025\/05\/27\/tesi-44-la-fiducia-nelle-istituzioni-non-sostituisce-la-responsabilita-personale\/\" target=\"_self\" >Tesi 44: La fiducia nelle istituzioni non sostituisce la responsabilit\u00e0 personale.<\/a><\/h3>\n\n<div class=\"wp-block-post-date has-small-font-size\"><time datetime=\"2025-05-27T08:28:00+03:00\">27 Maggio 2025<\/time><\/div>\n\n\n<div style=\"height:var(--wp--preset--spacing--20)\" aria-hidden=\"true\" class=\"wp-block-spacer\"><\/div>\n<\/div>\n\n<\/li><li class=\"wp-block-post post-1135 post type-post status-publish format-standard has-post-thumbnail hentry category-italiano\">\n\n<div class=\"wp-block-group is-layout-flow wp-container-core-group-is-layout-8df997c1 wp-block-group-is-layout-flow\"><figure style=\"aspect-ratio:1; margin-bottom:24px;\" class=\"wp-block-post-featured-image\"><a href=\"https:\/\/wir2030.com\/it\/2025\/05\/26\/tesi-41-tutti-hanno-il-diritto-di-sbagliare-compresi-medici-giornalisti-e-politici\/\" target=\"_self\"  ><img data-recalc-dims=\"1\" loading=\"lazy\" decoding=\"async\" width=\"1024\" height=\"768\" src=\"https:\/\/i0.wp.com\/wir2030.com\/wp-content\/uploads\/2025\/05\/image-26.png?resize=1024%2C768&#038;ssl=1\" class=\"attachment-post-thumbnail size-post-thumbnail wp-post-image\" alt=\"Tesi 41: Tutti hanno il diritto di sbagliare, compresi medici, giornalisti e politici.\" style=\"width:100%;height:100%;object-fit:cover;\" srcset=\"https:\/\/i0.wp.com\/wir2030.com\/wp-content\/uploads\/2025\/05\/image-26.png?w=1024&amp;ssl=1 1024w, https:\/\/i0.wp.com\/wir2030.com\/wp-content\/uploads\/2025\/05\/image-26.png?resize=300%2C225&amp;ssl=1 300w, https:\/\/i0.wp.com\/wir2030.com\/wp-content\/uploads\/2025\/05\/image-26.png?resize=768%2C576&amp;ssl=1 768w, https:\/\/i0.wp.com\/wir2030.com\/wp-content\/uploads\/2025\/05\/image-26.png?resize=800%2C600&amp;ssl=1 800w, https:\/\/i0.wp.com\/wir2030.com\/wp-content\/uploads\/2025\/05\/image-26.png?resize=600%2C450&amp;ssl=1 600w, https:\/\/i0.wp.com\/wir2030.com\/wp-content\/uploads\/2025\/05\/image-26.png?resize=400%2C300&amp;ssl=1 400w, https:\/\/i0.wp.com\/wir2030.com\/wp-content\/uploads\/2025\/05\/image-26.png?resize=200%2C150&amp;ssl=1 200w\" sizes=\"auto, (max-width: 1000px) 100vw, 1000px\" data-attachment-id=\"1093\" data-permalink=\"https:\/\/wir2030.com\/it\/image\/\" data-orig-file=\"https:\/\/i0.wp.com\/wir2030.com\/wp-content\/uploads\/2025\/05\/image-26.png?fit=1024%2C768&amp;ssl=1\" data-orig-size=\"1024,768\" data-comments-opened=\"1\" data-image-meta=\"{&quot;aperture&quot;:&quot;0&quot;,&quot;credit&quot;:&quot;&quot;,&quot;camera&quot;:&quot;&quot;,&quot;caption&quot;:&quot;&quot;,&quot;created_timestamp&quot;:&quot;0&quot;,&quot;copyright&quot;:&quot;&quot;,&quot;focal_length&quot;:&quot;0&quot;,&quot;iso&quot;:&quot;0&quot;,&quot;shutter_speed&quot;:&quot;0&quot;,&quot;title&quot;:&quot;&quot;,&quot;orientation&quot;:&quot;0&quot;}\" data-image-title=\"image\" data-image-description=\"\" data-image-caption=\"\" data-large-file=\"https:\/\/i0.wp.com\/wir2030.com\/wp-content\/uploads\/2025\/05\/image-26.png?fit=1024%2C768&amp;ssl=1\" \/><\/a><\/figure>\n\n<h3 class=\"wp-block-post-title has-medium-font-size\"><a href=\"https:\/\/wir2030.com\/it\/2025\/05\/26\/tesi-41-tutti-hanno-il-diritto-di-sbagliare-compresi-medici-giornalisti-e-politici\/\" target=\"_self\" >Tesi 41: Tutti hanno il diritto di sbagliare, compresi medici, giornalisti e politici.<\/a><\/h3>\n\n<div class=\"wp-block-post-date has-small-font-size\"><time datetime=\"2025-05-26T08:12:00+03:00\">26 Maggio 2025<\/time><\/div>\n\n\n<div style=\"height:var(--wp--preset--spacing--20)\" aria-hidden=\"true\" class=\"wp-block-spacer\"><\/div>\n<\/div>\n\n<\/li><li class=\"wp-block-post post-687 post type-post status-publish format-standard has-post-thumbnail hentry category-italiano\">\n\n<div class=\"wp-block-group is-layout-flow wp-container-core-group-is-layout-8df997c1 wp-block-group-is-layout-flow\"><figure style=\"aspect-ratio:1; margin-bottom:24px;\" class=\"wp-block-post-featured-image\"><a href=\"https:\/\/wir2030.com\/it\/2025\/05\/25\/tesi-73-gli-esseri-umani-non-sono-cavie\/\" target=\"_self\"  ><img data-recalc-dims=\"1\" loading=\"lazy\" decoding=\"async\" width=\"1024\" height=\"768\" src=\"https:\/\/i0.wp.com\/wir2030.com\/wp-content\/uploads\/2025\/05\/male-ein-bild-zum-nurnberger-kodex-und-dem-arztlichen-gelobnis.png?resize=1024%2C768&#038;ssl=1\" class=\"attachment-post-thumbnail size-post-thumbnail wp-post-image\" alt=\"Tesi 73: Gli esseri umani non sono cavie.\" style=\"width:100%;height:100%;object-fit:cover;\" srcset=\"https:\/\/i0.wp.com\/wir2030.com\/wp-content\/uploads\/2025\/05\/male-ein-bild-zum-nurnberger-kodex-und-dem-arztlichen-gelobnis.png?w=1024&amp;ssl=1 1024w, https:\/\/i0.wp.com\/wir2030.com\/wp-content\/uploads\/2025\/05\/male-ein-bild-zum-nurnberger-kodex-und-dem-arztlichen-gelobnis.png?resize=300%2C225&amp;ssl=1 300w, https:\/\/i0.wp.com\/wir2030.com\/wp-content\/uploads\/2025\/05\/male-ein-bild-zum-nurnberger-kodex-und-dem-arztlichen-gelobnis.png?resize=768%2C576&amp;ssl=1 768w, https:\/\/i0.wp.com\/wir2030.com\/wp-content\/uploads\/2025\/05\/male-ein-bild-zum-nurnberger-kodex-und-dem-arztlichen-gelobnis.png?resize=800%2C600&amp;ssl=1 800w, https:\/\/i0.wp.com\/wir2030.com\/wp-content\/uploads\/2025\/05\/male-ein-bild-zum-nurnberger-kodex-und-dem-arztlichen-gelobnis.png?resize=600%2C450&amp;ssl=1 600w, https:\/\/i0.wp.com\/wir2030.com\/wp-content\/uploads\/2025\/05\/male-ein-bild-zum-nurnberger-kodex-und-dem-arztlichen-gelobnis.png?resize=400%2C300&amp;ssl=1 400w, https:\/\/i0.wp.com\/wir2030.com\/wp-content\/uploads\/2025\/05\/male-ein-bild-zum-nurnberger-kodex-und-dem-arztlichen-gelobnis.png?resize=200%2C150&amp;ssl=1 200w\" sizes=\"auto, (max-width: 1000px) 100vw, 1000px\" data-attachment-id=\"632\" data-permalink=\"https:\/\/wir2030.com\/it\/2025\/05\/25\/tesi-73-gli-esseri-umani-non-sono-cavie\/male-ein-bild-zum-nurnberger-kodex-und-dem-arztlichen-gelobnis-2\/\" data-orig-file=\"https:\/\/i0.wp.com\/wir2030.com\/wp-content\/uploads\/2025\/05\/male-ein-bild-zum-nurnberger-kodex-und-dem-arztlichen-gelobnis.png?fit=1024%2C768&amp;ssl=1\" data-orig-size=\"1024,768\" data-comments-opened=\"1\" data-image-meta=\"{&quot;aperture&quot;:&quot;0&quot;,&quot;credit&quot;:&quot;&quot;,&quot;camera&quot;:&quot;&quot;,&quot;caption&quot;:&quot;&quot;,&quot;created_timestamp&quot;:&quot;0&quot;,&quot;copyright&quot;:&quot;&quot;,&quot;focal_length&quot;:&quot;0&quot;,&quot;iso&quot;:&quot;0&quot;,&quot;shutter_speed&quot;:&quot;0&quot;,&quot;title&quot;:&quot;&quot;,&quot;orientation&quot;:&quot;0&quot;}\" data-image-title=\"male-ein-bild-zum-nurnberger-kodex-und-dem-arztlichen-gelobnis\" data-image-description=\"\" data-image-caption=\"\" data-large-file=\"https:\/\/i0.wp.com\/wir2030.com\/wp-content\/uploads\/2025\/05\/male-ein-bild-zum-nurnberger-kodex-und-dem-arztlichen-gelobnis.png?fit=1024%2C768&amp;ssl=1\" \/><\/a><\/figure>\n\n<h3 class=\"wp-block-post-title has-medium-font-size\"><a href=\"https:\/\/wir2030.com\/it\/2025\/05\/25\/tesi-73-gli-esseri-umani-non-sono-cavie\/\" target=\"_self\" >Tesi 73: Gli esseri umani non sono cavie.<\/a><\/h3>\n\n<div class=\"wp-block-post-date has-small-font-size\"><time datetime=\"2025-05-25T08:00:00+03:00\">25 Maggio 2025<\/time><\/div>\n\n\n<div style=\"height:var(--wp--preset--spacing--20)\" aria-hidden=\"true\" class=\"wp-block-spacer\"><\/div>\n<\/div>\n\n<\/li><li class=\"wp-block-post post-1085 post type-post status-publish format-standard has-post-thumbnail hentry category-italiano\">\n\n<div class=\"wp-block-group is-layout-flow wp-container-core-group-is-layout-8df997c1 wp-block-group-is-layout-flow\"><figure style=\"aspect-ratio:1; margin-bottom:24px;\" class=\"wp-block-post-featured-image\"><a href=\"https:\/\/wir2030.com\/it\/2025\/05\/24\/cambia-la-newsletter\/\" target=\"_self\"  ><img data-recalc-dims=\"1\" loading=\"lazy\" decoding=\"async\" width=\"852\" height=\"929\" src=\"https:\/\/i0.wp.com\/wir2030.com\/wp-content\/uploads\/2025\/05\/image-25.png?resize=852%2C929&#038;ssl=1\" class=\"attachment-post-thumbnail size-post-thumbnail wp-post-image\" alt=\"Cambia la newsletter\" style=\"width:100%;height:100%;object-fit:cover;\" srcset=\"https:\/\/i0.wp.com\/wir2030.com\/wp-content\/uploads\/2025\/05\/image-25.png?w=852&amp;ssl=1 852w, https:\/\/i0.wp.com\/wir2030.com\/wp-content\/uploads\/2025\/05\/image-25.png?resize=275%2C300&amp;ssl=1 275w, https:\/\/i0.wp.com\/wir2030.com\/wp-content\/uploads\/2025\/05\/image-25.png?resize=768%2C837&amp;ssl=1 768w\" sizes=\"auto, (max-width: 852px) 100vw, 852px\" data-attachment-id=\"1060\" data-permalink=\"https:\/\/wir2030.com\/it\/image-2\/\" data-orig-file=\"https:\/\/i0.wp.com\/wir2030.com\/wp-content\/uploads\/2025\/05\/image-25.png?fit=852%2C929&amp;ssl=1\" data-orig-size=\"852,929\" data-comments-opened=\"1\" data-image-meta=\"{&quot;aperture&quot;:&quot;0&quot;,&quot;credit&quot;:&quot;&quot;,&quot;camera&quot;:&quot;&quot;,&quot;caption&quot;:&quot;&quot;,&quot;created_timestamp&quot;:&quot;0&quot;,&quot;copyright&quot;:&quot;&quot;,&quot;focal_length&quot;:&quot;0&quot;,&quot;iso&quot;:&quot;0&quot;,&quot;shutter_speed&quot;:&quot;0&quot;,&quot;title&quot;:&quot;&quot;,&quot;orientation&quot;:&quot;0&quot;}\" data-image-title=\"image\" data-image-description=\"\" data-image-caption=\"\" data-large-file=\"https:\/\/i0.wp.com\/wir2030.com\/wp-content\/uploads\/2025\/05\/image-25.png?fit=852%2C929&amp;ssl=1\" \/><\/a><\/figure>\n\n<h3 class=\"wp-block-post-title has-medium-font-size\"><a href=\"https:\/\/wir2030.com\/it\/2025\/05\/24\/cambia-la-newsletter\/\" target=\"_self\" >Cambia la newsletter<\/a><\/h3>\n\n<div class=\"wp-block-post-date has-small-font-size\"><time datetime=\"2025-05-24T18:15:00+03:00\">24 Maggio 2025<\/time><\/div>\n\n\n<div style=\"height:var(--wp--preset--spacing--20)\" aria-hidden=\"true\" class=\"wp-block-spacer\"><\/div>\n<\/div>\n\n<\/li><li class=\"wp-block-post post-694 post type-post status-publish format-standard has-post-thumbnail hentry category-italiano\">\n\n<div class=\"wp-block-group is-layout-flow wp-container-core-group-is-layout-8df997c1 wp-block-group-is-layout-flow\"><figure style=\"aspect-ratio:1; margin-bottom:24px;\" class=\"wp-block-post-featured-image\"><a href=\"https:\/\/wir2030.com\/it\/2025\/05\/24\/tesi-62-pharma-non-deve-dettare-la-politica-globale\/\" target=\"_self\"  ><img data-recalc-dims=\"1\" loading=\"lazy\" decoding=\"async\" width=\"1024\" height=\"768\" src=\"https:\/\/i0.wp.com\/wir2030.com\/wp-content\/uploads\/2025\/05\/zeichne-ein-parlament-in-dem-spritzen-medikamente-und-pillen-auf.png?resize=1024%2C768&#038;ssl=1\" class=\"attachment-post-thumbnail size-post-thumbnail wp-post-image\" alt=\"Tesi 62: Pharma non deve dettare la politica globale.\" style=\"width:100%;height:100%;object-fit:cover;\" srcset=\"https:\/\/i0.wp.com\/wir2030.com\/wp-content\/uploads\/2025\/05\/zeichne-ein-parlament-in-dem-spritzen-medikamente-und-pillen-auf.png?w=1024&amp;ssl=1 1024w, https:\/\/i0.wp.com\/wir2030.com\/wp-content\/uploads\/2025\/05\/zeichne-ein-parlament-in-dem-spritzen-medikamente-und-pillen-auf.png?resize=300%2C225&amp;ssl=1 300w, https:\/\/i0.wp.com\/wir2030.com\/wp-content\/uploads\/2025\/05\/zeichne-ein-parlament-in-dem-spritzen-medikamente-und-pillen-auf.png?resize=768%2C576&amp;ssl=1 768w, https:\/\/i0.wp.com\/wir2030.com\/wp-content\/uploads\/2025\/05\/zeichne-ein-parlament-in-dem-spritzen-medikamente-und-pillen-auf.png?resize=800%2C600&amp;ssl=1 800w, https:\/\/i0.wp.com\/wir2030.com\/wp-content\/uploads\/2025\/05\/zeichne-ein-parlament-in-dem-spritzen-medikamente-und-pillen-auf.png?resize=600%2C450&amp;ssl=1 600w, https:\/\/i0.wp.com\/wir2030.com\/wp-content\/uploads\/2025\/05\/zeichne-ein-parlament-in-dem-spritzen-medikamente-und-pillen-auf.png?resize=400%2C300&amp;ssl=1 400w, https:\/\/i0.wp.com\/wir2030.com\/wp-content\/uploads\/2025\/05\/zeichne-ein-parlament-in-dem-spritzen-medikamente-und-pillen-auf.png?resize=200%2C150&amp;ssl=1 200w\" sizes=\"auto, (max-width: 1000px) 100vw, 1000px\" data-attachment-id=\"647\" data-permalink=\"https:\/\/wir2030.com\/it\/2025\/05\/24\/tesi-62-pharma-non-deve-dettare-la-politica-globale\/zeichne-ein-parlament-in-dem-spritzen-medikamente-und-pillen-auf-2\/\" data-orig-file=\"https:\/\/i0.wp.com\/wir2030.com\/wp-content\/uploads\/2025\/05\/zeichne-ein-parlament-in-dem-spritzen-medikamente-und-pillen-auf.png?fit=1024%2C768&amp;ssl=1\" data-orig-size=\"1024,768\" data-comments-opened=\"1\" data-image-meta=\"{&quot;aperture&quot;:&quot;0&quot;,&quot;credit&quot;:&quot;&quot;,&quot;camera&quot;:&quot;&quot;,&quot;caption&quot;:&quot;&quot;,&quot;created_timestamp&quot;:&quot;0&quot;,&quot;copyright&quot;:&quot;&quot;,&quot;focal_length&quot;:&quot;0&quot;,&quot;iso&quot;:&quot;0&quot;,&quot;shutter_speed&quot;:&quot;0&quot;,&quot;title&quot;:&quot;&quot;,&quot;orientation&quot;:&quot;0&quot;}\" data-image-title=\"zeichne-ein-parlament-in-dem-spritzen-medikamente-und-pillen-auf\" data-image-description=\"\" data-image-caption=\"\" data-large-file=\"https:\/\/i0.wp.com\/wir2030.com\/wp-content\/uploads\/2025\/05\/zeichne-ein-parlament-in-dem-spritzen-medikamente-und-pillen-auf.png?fit=1024%2C768&amp;ssl=1\" \/><\/a><\/figure>\n\n<h3 class=\"wp-block-post-title has-medium-font-size\"><a href=\"https:\/\/wir2030.com\/it\/2025\/05\/24\/tesi-62-pharma-non-deve-dettare-la-politica-globale\/\" target=\"_self\" >Tesi 62: Pharma non deve dettare la politica globale.<\/a><\/h3>\n\n<div class=\"wp-block-post-date has-small-font-size\"><time datetime=\"2025-05-24T07:24:00+03:00\">24 Maggio 2025<\/time><\/div>\n\n\n<div style=\"height:var(--wp--preset--spacing--20)\" aria-hidden=\"true\" class=\"wp-block-spacer\"><\/div>\n<\/div>\n\n<\/li><li class=\"wp-block-post post-704 post type-post status-publish format-standard has-post-thumbnail hentry category-italiano\">\n\n<div class=\"wp-block-group is-layout-flow wp-container-core-group-is-layout-8df997c1 wp-block-group-is-layout-flow\"><figure style=\"aspect-ratio:1; margin-bottom:24px;\" class=\"wp-block-post-featured-image\"><a href=\"https:\/\/wir2030.com\/it\/2025\/05\/23\/tesi-76-la-morale-non-sostituisce-le-liberta-civili\/\" target=\"_self\"  ><img data-recalc-dims=\"1\" loading=\"lazy\" decoding=\"async\" width=\"1024\" height=\"768\" src=\"https:\/\/i0.wp.com\/wir2030.com\/wp-content\/uploads\/2025\/05\/male-einen-goldenen-kafig-anstatt-dem-schwarzen-kafig-und-darin.png?resize=1024%2C768&#038;ssl=1\" class=\"attachment-post-thumbnail size-post-thumbnail wp-post-image\" alt=\"Tesi 76: La morale non sostituisce le libert\u00e0 civili.\" style=\"width:100%;height:100%;object-fit:cover;\" srcset=\"https:\/\/i0.wp.com\/wir2030.com\/wp-content\/uploads\/2025\/05\/male-einen-goldenen-kafig-anstatt-dem-schwarzen-kafig-und-darin.png?w=1024&amp;ssl=1 1024w, https:\/\/i0.wp.com\/wir2030.com\/wp-content\/uploads\/2025\/05\/male-einen-goldenen-kafig-anstatt-dem-schwarzen-kafig-und-darin.png?resize=300%2C225&amp;ssl=1 300w, https:\/\/i0.wp.com\/wir2030.com\/wp-content\/uploads\/2025\/05\/male-einen-goldenen-kafig-anstatt-dem-schwarzen-kafig-und-darin.png?resize=768%2C576&amp;ssl=1 768w, https:\/\/i0.wp.com\/wir2030.com\/wp-content\/uploads\/2025\/05\/male-einen-goldenen-kafig-anstatt-dem-schwarzen-kafig-und-darin.png?resize=800%2C600&amp;ssl=1 800w, https:\/\/i0.wp.com\/wir2030.com\/wp-content\/uploads\/2025\/05\/male-einen-goldenen-kafig-anstatt-dem-schwarzen-kafig-und-darin.png?resize=600%2C450&amp;ssl=1 600w, https:\/\/i0.wp.com\/wir2030.com\/wp-content\/uploads\/2025\/05\/male-einen-goldenen-kafig-anstatt-dem-schwarzen-kafig-und-darin.png?resize=400%2C300&amp;ssl=1 400w, https:\/\/i0.wp.com\/wir2030.com\/wp-content\/uploads\/2025\/05\/male-einen-goldenen-kafig-anstatt-dem-schwarzen-kafig-und-darin.png?resize=200%2C150&amp;ssl=1 200w\" sizes=\"auto, (max-width: 1000px) 100vw, 1000px\" data-attachment-id=\"662\" data-permalink=\"https:\/\/wir2030.com\/it\/2025\/05\/23\/tesi-76-la-morale-non-sostituisce-le-liberta-civili\/male-einen-goldenen-kafig-anstatt-dem-schwarzen-kafig-und-darin-3\/\" data-orig-file=\"https:\/\/i0.wp.com\/wir2030.com\/wp-content\/uploads\/2025\/05\/male-einen-goldenen-kafig-anstatt-dem-schwarzen-kafig-und-darin.png?fit=1024%2C768&amp;ssl=1\" data-orig-size=\"1024,768\" data-comments-opened=\"1\" data-image-meta=\"{&quot;aperture&quot;:&quot;0&quot;,&quot;credit&quot;:&quot;&quot;,&quot;camera&quot;:&quot;&quot;,&quot;caption&quot;:&quot;&quot;,&quot;created_timestamp&quot;:&quot;0&quot;,&quot;copyright&quot;:&quot;&quot;,&quot;focal_length&quot;:&quot;0&quot;,&quot;iso&quot;:&quot;0&quot;,&quot;shutter_speed&quot;:&quot;0&quot;,&quot;title&quot;:&quot;&quot;,&quot;orientation&quot;:&quot;0&quot;}\" data-image-title=\"male-einen-goldenen-kafig-anstatt-dem-schwarzen-kafig-und-darin\" data-image-description=\"\" data-image-caption=\"\" data-large-file=\"https:\/\/i0.wp.com\/wir2030.com\/wp-content\/uploads\/2025\/05\/male-einen-goldenen-kafig-anstatt-dem-schwarzen-kafig-und-darin.png?fit=1024%2C768&amp;ssl=1\" \/><\/a><\/figure>\n\n<h3 class=\"wp-block-post-title has-medium-font-size\"><a href=\"https:\/\/wir2030.com\/it\/2025\/05\/23\/tesi-76-la-morale-non-sostituisce-le-liberta-civili\/\" target=\"_self\" >Tesi 76: La morale non sostituisce le libert\u00e0 civili.<\/a><\/h3>\n\n<div class=\"wp-block-post-date has-small-font-size\"><time datetime=\"2025-05-23T08:00:00+03:00\">23 Maggio 2025<\/time><\/div>\n\n\n<div style=\"height:var(--wp--preset--spacing--20)\" aria-hidden=\"true\" class=\"wp-block-spacer\"><\/div>\n<\/div>\n\n<\/li><li class=\"wp-block-post post-712 post type-post status-publish format-standard has-post-thumbnail hentry category-italiano\">\n\n<div class=\"wp-block-group is-layout-flow wp-container-core-group-is-layout-8df997c1 wp-block-group-is-layout-flow\"><figure style=\"aspect-ratio:1; margin-bottom:24px;\" class=\"wp-block-post-featured-image\"><a href=\"https:\/\/wir2030.com\/it\/2025\/05\/22\/la-base-comune-delle-95-tesi-di-martin-lutero-e-del-movimento-we2030\/\" target=\"_self\"  ><img data-recalc-dims=\"1\" loading=\"lazy\" decoding=\"async\" width=\"1024\" height=\"768\" src=\"https:\/\/i0.wp.com\/wir2030.com\/wp-content\/uploads\/2025\/05\/image-24.png?resize=1024%2C768&#038;ssl=1\" class=\"attachment-post-thumbnail size-post-thumbnail wp-post-image\" alt=\"La base comune delle 95 tesi di Martin Lutero e del movimento We2030\" style=\"width:100%;height:100%;object-fit:cover;\" srcset=\"https:\/\/i0.wp.com\/wir2030.com\/wp-content\/uploads\/2025\/05\/image-24.png?w=1024&amp;ssl=1 1024w, https:\/\/i0.wp.com\/wir2030.com\/wp-content\/uploads\/2025\/05\/image-24.png?resize=300%2C225&amp;ssl=1 300w, https:\/\/i0.wp.com\/wir2030.com\/wp-content\/uploads\/2025\/05\/image-24.png?resize=768%2C576&amp;ssl=1 768w, https:\/\/i0.wp.com\/wir2030.com\/wp-content\/uploads\/2025\/05\/image-24.png?resize=800%2C600&amp;ssl=1 800w, https:\/\/i0.wp.com\/wir2030.com\/wp-content\/uploads\/2025\/05\/image-24.png?resize=600%2C450&amp;ssl=1 600w, https:\/\/i0.wp.com\/wir2030.com\/wp-content\/uploads\/2025\/05\/image-24.png?resize=400%2C300&amp;ssl=1 400w, https:\/\/i0.wp.com\/wir2030.com\/wp-content\/uploads\/2025\/05\/image-24.png?resize=200%2C150&amp;ssl=1 200w\" sizes=\"auto, (max-width: 1000px) 100vw, 1000px\" data-attachment-id=\"677\" data-permalink=\"https:\/\/wir2030.com\/it\/2025\/05\/22\/la-base-comune-delle-95-tesi-di-martin-lutero-e-del-movimento-we2030\/image-27-2\/\" data-orig-file=\"https:\/\/i0.wp.com\/wir2030.com\/wp-content\/uploads\/2025\/05\/image-24.png?fit=1024%2C768&amp;ssl=1\" data-orig-size=\"1024,768\" data-comments-opened=\"1\" data-image-meta=\"{&quot;aperture&quot;:&quot;0&quot;,&quot;credit&quot;:&quot;&quot;,&quot;camera&quot;:&quot;&quot;,&quot;caption&quot;:&quot;&quot;,&quot;created_timestamp&quot;:&quot;0&quot;,&quot;copyright&quot;:&quot;&quot;,&quot;focal_length&quot;:&quot;0&quot;,&quot;iso&quot;:&quot;0&quot;,&quot;shutter_speed&quot;:&quot;0&quot;,&quot;title&quot;:&quot;&quot;,&quot;orientation&quot;:&quot;0&quot;}\" data-image-title=\"image\" data-image-description=\"\" data-image-caption=\"\" data-large-file=\"https:\/\/i0.wp.com\/wir2030.com\/wp-content\/uploads\/2025\/05\/image-24.png?fit=1024%2C768&amp;ssl=1\" \/><\/a><\/figure>\n\n<h3 class=\"wp-block-post-title has-medium-font-size\"><a href=\"https:\/\/wir2030.com\/it\/2025\/05\/22\/la-base-comune-delle-95-tesi-di-martin-lutero-e-del-movimento-we2030\/\" target=\"_self\" >La base comune delle 95 tesi di Martin Lutero e del movimento We2030<\/a><\/h3>\n\n<div class=\"wp-block-post-date has-small-font-size\"><time datetime=\"2025-05-22T09:17:12+03:00\">22 Maggio 2025<\/time><\/div>\n\n\n<div style=\"height:var(--wp--preset--spacing--20)\" aria-hidden=\"true\" class=\"wp-block-spacer\"><\/div>\n<\/div>\n\n<\/li><li class=\"wp-block-post post-721 post type-post status-publish format-standard has-post-thumbnail hentry category-italiano\">\n\n<div class=\"wp-block-group is-layout-flow wp-container-core-group-is-layout-8df997c1 wp-block-group-is-layout-flow\"><figure style=\"aspect-ratio:1; margin-bottom:24px;\" class=\"wp-block-post-featured-image\"><a href=\"https:\/\/wir2030.com\/it\/2025\/05\/22\/tesi-59-nessun-governo-al-mondo-puo-introdurre-misure-coercitive-globali\/\" target=\"_self\"  ><img data-recalc-dims=\"1\" loading=\"lazy\" decoding=\"async\" width=\"1024\" height=\"768\" src=\"https:\/\/i0.wp.com\/wir2030.com\/wp-content\/uploads\/2025\/05\/image-20.png?resize=1024%2C768&#038;ssl=1\" class=\"attachment-post-thumbnail size-post-thumbnail wp-post-image\" alt=\"Tesi 59: Nessun governo al mondo pu\u00f2 introdurre misure coercitive globali.\" style=\"width:100%;height:100%;object-fit:cover;\" srcset=\"https:\/\/i0.wp.com\/wir2030.com\/wp-content\/uploads\/2025\/05\/image-20.png?w=1024&amp;ssl=1 1024w, https:\/\/i0.wp.com\/wir2030.com\/wp-content\/uploads\/2025\/05\/image-20.png?resize=300%2C225&amp;ssl=1 300w, https:\/\/i0.wp.com\/wir2030.com\/wp-content\/uploads\/2025\/05\/image-20.png?resize=768%2C576&amp;ssl=1 768w, https:\/\/i0.wp.com\/wir2030.com\/wp-content\/uploads\/2025\/05\/image-20.png?resize=800%2C600&amp;ssl=1 800w, https:\/\/i0.wp.com\/wir2030.com\/wp-content\/uploads\/2025\/05\/image-20.png?resize=600%2C450&amp;ssl=1 600w, https:\/\/i0.wp.com\/wir2030.com\/wp-content\/uploads\/2025\/05\/image-20.png?resize=400%2C300&amp;ssl=1 400w, https:\/\/i0.wp.com\/wir2030.com\/wp-content\/uploads\/2025\/05\/image-20.png?resize=200%2C150&amp;ssl=1 200w\" sizes=\"auto, (max-width: 1000px) 100vw, 1000px\" data-attachment-id=\"612\" data-permalink=\"https:\/\/wir2030.com\/it\/2025\/05\/22\/tesi-59-nessun-governo-al-mondo-puo-introdurre-misure-coercitive-globali\/image-23-2\/\" data-orig-file=\"https:\/\/i0.wp.com\/wir2030.com\/wp-content\/uploads\/2025\/05\/image-20.png?fit=1024%2C768&amp;ssl=1\" data-orig-size=\"1024,768\" data-comments-opened=\"1\" data-image-meta=\"{&quot;aperture&quot;:&quot;0&quot;,&quot;credit&quot;:&quot;&quot;,&quot;camera&quot;:&quot;&quot;,&quot;caption&quot;:&quot;&quot;,&quot;created_timestamp&quot;:&quot;0&quot;,&quot;copyright&quot;:&quot;&quot;,&quot;focal_length&quot;:&quot;0&quot;,&quot;iso&quot;:&quot;0&quot;,&quot;shutter_speed&quot;:&quot;0&quot;,&quot;title&quot;:&quot;&quot;,&quot;orientation&quot;:&quot;0&quot;}\" data-image-title=\"image\" data-image-description=\"\" data-image-caption=\"\" data-large-file=\"https:\/\/i0.wp.com\/wir2030.com\/wp-content\/uploads\/2025\/05\/image-20.png?fit=1024%2C768&amp;ssl=1\" \/><\/a><\/figure>\n\n<h3 class=\"wp-block-post-title has-medium-font-size\"><a href=\"https:\/\/wir2030.com\/it\/2025\/05\/22\/tesi-59-nessun-governo-al-mondo-puo-introdurre-misure-coercitive-globali\/\" target=\"_self\" >Tesi 59: Nessun governo al mondo pu\u00f2 introdurre misure coercitive globali.<\/a><\/h3>\n\n<div class=\"wp-block-post-date has-small-font-size\"><time datetime=\"2025-05-22T08:00:00+03:00\">22 Maggio 2025<\/time><\/div>\n\n\n<div style=\"height:var(--wp--preset--spacing--20)\" aria-hidden=\"true\" class=\"wp-block-spacer\"><\/div>\n<\/div>\n\n<\/li><li class=\"wp-block-post post-728 post type-post status-publish format-standard has-post-thumbnail hentry category-italiano\">\n\n<div class=\"wp-block-group is-layout-flow wp-container-core-group-is-layout-8df997c1 wp-block-group-is-layout-flow\"><figure style=\"aspect-ratio:1; margin-bottom:24px;\" class=\"wp-block-post-featured-image\"><a href=\"https:\/\/wir2030.com\/it\/2025\/05\/21\/tesi-34-le-crisi-rivelano-il-carattere-di-chi-detiene-il-potere\/\" target=\"_self\"  ><img data-recalc-dims=\"1\" loading=\"lazy\" decoding=\"async\" width=\"1024\" height=\"768\" src=\"https:\/\/i0.wp.com\/wir2030.com\/wp-content\/uploads\/2025\/05\/image-19.png?resize=1024%2C768&#038;ssl=1\" class=\"attachment-post-thumbnail size-post-thumbnail wp-post-image\" alt=\"Tesi 34: Le crisi rivelano il carattere di chi detiene il potere.\" style=\"width:100%;height:100%;object-fit:cover;\" srcset=\"https:\/\/i0.wp.com\/wir2030.com\/wp-content\/uploads\/2025\/05\/image-19.png?w=1024&amp;ssl=1 1024w, https:\/\/i0.wp.com\/wir2030.com\/wp-content\/uploads\/2025\/05\/image-19.png?resize=300%2C225&amp;ssl=1 300w, https:\/\/i0.wp.com\/wir2030.com\/wp-content\/uploads\/2025\/05\/image-19.png?resize=768%2C576&amp;ssl=1 768w, https:\/\/i0.wp.com\/wir2030.com\/wp-content\/uploads\/2025\/05\/image-19.png?resize=800%2C600&amp;ssl=1 800w, https:\/\/i0.wp.com\/wir2030.com\/wp-content\/uploads\/2025\/05\/image-19.png?resize=600%2C450&amp;ssl=1 600w, https:\/\/i0.wp.com\/wir2030.com\/wp-content\/uploads\/2025\/05\/image-19.png?resize=400%2C300&amp;ssl=1 400w, https:\/\/i0.wp.com\/wir2030.com\/wp-content\/uploads\/2025\/05\/image-19.png?resize=200%2C150&amp;ssl=1 200w\" sizes=\"auto, (max-width: 1000px) 100vw, 1000px\" data-attachment-id=\"597\" data-permalink=\"https:\/\/wir2030.com\/it\/2025\/05\/21\/tesi-34-le-crisi-rivelano-il-carattere-di-chi-detiene-il-potere\/image-22-2\/\" data-orig-file=\"https:\/\/i0.wp.com\/wir2030.com\/wp-content\/uploads\/2025\/05\/image-19.png?fit=1024%2C768&amp;ssl=1\" data-orig-size=\"1024,768\" data-comments-opened=\"1\" data-image-meta=\"{&quot;aperture&quot;:&quot;0&quot;,&quot;credit&quot;:&quot;&quot;,&quot;camera&quot;:&quot;&quot;,&quot;caption&quot;:&quot;&quot;,&quot;created_timestamp&quot;:&quot;0&quot;,&quot;copyright&quot;:&quot;&quot;,&quot;focal_length&quot;:&quot;0&quot;,&quot;iso&quot;:&quot;0&quot;,&quot;shutter_speed&quot;:&quot;0&quot;,&quot;title&quot;:&quot;&quot;,&quot;orientation&quot;:&quot;0&quot;}\" data-image-title=\"image\" data-image-description=\"\" data-image-caption=\"\" data-large-file=\"https:\/\/i0.wp.com\/wir2030.com\/wp-content\/uploads\/2025\/05\/image-19.png?fit=1024%2C768&amp;ssl=1\" \/><\/a><\/figure>\n\n<h3 class=\"wp-block-post-title has-medium-font-size\"><a href=\"https:\/\/wir2030.com\/it\/2025\/05\/21\/tesi-34-le-crisi-rivelano-il-carattere-di-chi-detiene-il-potere\/\" target=\"_self\" >Tesi 34: Le crisi rivelano il carattere di chi detiene il potere.<\/a><\/h3>\n\n<div class=\"wp-block-post-date has-small-font-size\"><time datetime=\"2025-05-21T17:53:00+03:00\">21 Maggio 2025<\/time><\/div>\n\n\n<div style=\"height:var(--wp--preset--spacing--20)\" aria-hidden=\"true\" class=\"wp-block-spacer\"><\/div>\n<\/div>\n\n<\/li><li class=\"wp-block-post post-736 post type-post status-publish format-standard has-post-thumbnail hentry category-italiano\">\n\n<div class=\"wp-block-group is-layout-flow wp-container-core-group-is-layout-8df997c1 wp-block-group-is-layout-flow\"><figure style=\"aspect-ratio:1; margin-bottom:24px;\" class=\"wp-block-post-featured-image\"><a href=\"https:\/\/wir2030.com\/it\/2025\/05\/21\/tesi-21-ogni-societa-ha-bisogno-di-informatori-non-di-delatori\/\" target=\"_self\"  ><img data-recalc-dims=\"1\" loading=\"lazy\" decoding=\"async\" width=\"1024\" height=\"768\" src=\"https:\/\/i0.wp.com\/wir2030.com\/wp-content\/uploads\/2025\/05\/image-18.png?resize=1024%2C768&#038;ssl=1\" class=\"attachment-post-thumbnail size-post-thumbnail wp-post-image\" alt=\"Tesi 21: Ogni societ\u00e0 ha bisogno di informatori, non di delatori.\" style=\"width:100%;height:100%;object-fit:cover;\" srcset=\"https:\/\/i0.wp.com\/wir2030.com\/wp-content\/uploads\/2025\/05\/image-18.png?w=1024&amp;ssl=1 1024w, https:\/\/i0.wp.com\/wir2030.com\/wp-content\/uploads\/2025\/05\/image-18.png?resize=300%2C225&amp;ssl=1 300w, https:\/\/i0.wp.com\/wir2030.com\/wp-content\/uploads\/2025\/05\/image-18.png?resize=768%2C576&amp;ssl=1 768w, https:\/\/i0.wp.com\/wir2030.com\/wp-content\/uploads\/2025\/05\/image-18.png?resize=800%2C600&amp;ssl=1 800w, https:\/\/i0.wp.com\/wir2030.com\/wp-content\/uploads\/2025\/05\/image-18.png?resize=600%2C450&amp;ssl=1 600w, https:\/\/i0.wp.com\/wir2030.com\/wp-content\/uploads\/2025\/05\/image-18.png?resize=400%2C300&amp;ssl=1 400w, https:\/\/i0.wp.com\/wir2030.com\/wp-content\/uploads\/2025\/05\/image-18.png?resize=200%2C150&amp;ssl=1 200w\" sizes=\"auto, (max-width: 1000px) 100vw, 1000px\" data-attachment-id=\"587\" data-permalink=\"https:\/\/wir2030.com\/it\/2025\/05\/21\/tesi-21-ogni-societa-ha-bisogno-di-informatori-non-di-delatori\/image-21-2\/\" data-orig-file=\"https:\/\/i0.wp.com\/wir2030.com\/wp-content\/uploads\/2025\/05\/image-18.png?fit=1024%2C768&amp;ssl=1\" data-orig-size=\"1024,768\" data-comments-opened=\"1\" data-image-meta=\"{&quot;aperture&quot;:&quot;0&quot;,&quot;credit&quot;:&quot;&quot;,&quot;camera&quot;:&quot;&quot;,&quot;caption&quot;:&quot;&quot;,&quot;created_timestamp&quot;:&quot;0&quot;,&quot;copyright&quot;:&quot;&quot;,&quot;focal_length&quot;:&quot;0&quot;,&quot;iso&quot;:&quot;0&quot;,&quot;shutter_speed&quot;:&quot;0&quot;,&quot;title&quot;:&quot;&quot;,&quot;orientation&quot;:&quot;0&quot;}\" data-image-title=\"image\" data-image-description=\"\" data-image-caption=\"\" data-large-file=\"https:\/\/i0.wp.com\/wir2030.com\/wp-content\/uploads\/2025\/05\/image-18.png?fit=1024%2C768&amp;ssl=1\" \/><\/a><\/figure>\n\n<h3 class=\"wp-block-post-title has-medium-font-size\"><a href=\"https:\/\/wir2030.com\/it\/2025\/05\/21\/tesi-21-ogni-societa-ha-bisogno-di-informatori-non-di-delatori\/\" target=\"_self\" >Tesi 21: Ogni societ\u00e0 ha bisogno di informatori, non di delatori.<\/a><\/h3>\n\n<div class=\"wp-block-post-date has-small-font-size\"><time datetime=\"2025-05-21T11:15:00+03:00\">21 Maggio 2025<\/time><\/div>\n\n\n<div style=\"height:var(--wp--preset--spacing--20)\" aria-hidden=\"true\" class=\"wp-block-spacer\"><\/div>\n<\/div>\n\n<\/li><li class=\"wp-block-post post-884 post type-post status-publish format-standard has-post-thumbnail hentry category-italiano\">\n\n<div class=\"wp-block-group is-layout-flow wp-container-core-group-is-layout-8df997c1 wp-block-group-is-layout-flow\"><figure style=\"aspect-ratio:1; margin-bottom:24px;\" class=\"wp-block-post-featured-image\"><a href=\"https:\/\/wir2030.com\/it\/2025\/05\/20\/tesi-25-la-democrazia-ha-bisogno-di-istruzione-libera-non-di-programmi-di-rieducazione-statale\/\" target=\"_self\"  ><img data-recalc-dims=\"1\" loading=\"lazy\" decoding=\"async\" width=\"1024\" height=\"768\" src=\"https:\/\/i0.wp.com\/wir2030.com\/wp-content\/uploads\/2025\/05\/ein-bild-mit-europaischen-schulern-in-einer-schule.png?resize=1024%2C768&#038;ssl=1\" class=\"attachment-post-thumbnail size-post-thumbnail wp-post-image\" alt=\"Tesi 25: La democrazia ha bisogno di istruzione libera, non di programmi di rieducazione statale.\" style=\"width:100%;height:100%;object-fit:cover;\" srcset=\"https:\/\/i0.wp.com\/wir2030.com\/wp-content\/uploads\/2025\/05\/ein-bild-mit-europaischen-schulern-in-einer-schule.png?w=1024&amp;ssl=1 1024w, https:\/\/i0.wp.com\/wir2030.com\/wp-content\/uploads\/2025\/05\/ein-bild-mit-europaischen-schulern-in-einer-schule.png?resize=300%2C225&amp;ssl=1 300w, https:\/\/i0.wp.com\/wir2030.com\/wp-content\/uploads\/2025\/05\/ein-bild-mit-europaischen-schulern-in-einer-schule.png?resize=768%2C576&amp;ssl=1 768w, https:\/\/i0.wp.com\/wir2030.com\/wp-content\/uploads\/2025\/05\/ein-bild-mit-europaischen-schulern-in-einer-schule.png?resize=800%2C600&amp;ssl=1 800w, https:\/\/i0.wp.com\/wir2030.com\/wp-content\/uploads\/2025\/05\/ein-bild-mit-europaischen-schulern-in-einer-schule.png?resize=600%2C450&amp;ssl=1 600w, https:\/\/i0.wp.com\/wir2030.com\/wp-content\/uploads\/2025\/05\/ein-bild-mit-europaischen-schulern-in-einer-schule.png?resize=400%2C300&amp;ssl=1 400w, https:\/\/i0.wp.com\/wir2030.com\/wp-content\/uploads\/2025\/05\/ein-bild-mit-europaischen-schulern-in-einer-schule.png?resize=200%2C150&amp;ssl=1 200w\" sizes=\"auto, (max-width: 1000px) 100vw, 1000px\" data-attachment-id=\"572\" data-permalink=\"https:\/\/wir2030.com\/it\/2025\/05\/20\/tesi-25-la-democrazia-ha-bisogno-di-istruzione-libera-non-di-programmi-di-rieducazione-statale\/ein-bild-mit-europaischen-schulern-in-einer-schule-2\/\" data-orig-file=\"https:\/\/i0.wp.com\/wir2030.com\/wp-content\/uploads\/2025\/05\/ein-bild-mit-europaischen-schulern-in-einer-schule.png?fit=1024%2C768&amp;ssl=1\" data-orig-size=\"1024,768\" data-comments-opened=\"1\" data-image-meta=\"{&quot;aperture&quot;:&quot;0&quot;,&quot;credit&quot;:&quot;&quot;,&quot;camera&quot;:&quot;&quot;,&quot;caption&quot;:&quot;&quot;,&quot;created_timestamp&quot;:&quot;0&quot;,&quot;copyright&quot;:&quot;&quot;,&quot;focal_length&quot;:&quot;0&quot;,&quot;iso&quot;:&quot;0&quot;,&quot;shutter_speed&quot;:&quot;0&quot;,&quot;title&quot;:&quot;&quot;,&quot;orientation&quot;:&quot;0&quot;}\" data-image-title=\"ein-bild-mit-europaischen-schulern-in-einer-schule\" data-image-description=\"\" data-image-caption=\"\" data-large-file=\"https:\/\/i0.wp.com\/wir2030.com\/wp-content\/uploads\/2025\/05\/ein-bild-mit-europaischen-schulern-in-einer-schule.png?fit=1024%2C768&amp;ssl=1\" \/><\/a><\/figure>\n\n<h3 class=\"wp-block-post-title has-medium-font-size\"><a href=\"https:\/\/wir2030.com\/it\/2025\/05\/20\/tesi-25-la-democrazia-ha-bisogno-di-istruzione-libera-non-di-programmi-di-rieducazione-statale\/\" target=\"_self\" >Tesi 25: La democrazia ha bisogno di istruzione libera, non di programmi di rieducazione statale.<\/a><\/h3>\n\n<div class=\"wp-block-post-date has-small-font-size\"><time datetime=\"2025-05-20T16:44:00+03:00\">20 Maggio 2025<\/time><\/div>\n\n\n<div style=\"height:var(--wp--preset--spacing--20)\" aria-hidden=\"true\" class=\"wp-block-spacer\"><\/div>\n<\/div>\n\n<\/li><li class=\"wp-block-post post-756 post type-post status-publish format-standard has-post-thumbnail hentry category-italiano\">\n\n<div class=\"wp-block-group is-layout-flow wp-container-core-group-is-layout-8df997c1 wp-block-group-is-layout-flow\"><figure style=\"aspect-ratio:1; margin-bottom:24px;\" class=\"wp-block-post-featured-image\"><a href=\"https:\/\/wir2030.com\/it\/2025\/05\/20\/tesi-89-se-lo-stato-controlla-tutto-non-ce-spazio-per-la-responsabilita\/\" target=\"_self\"  ><img data-recalc-dims=\"1\" loading=\"lazy\" decoding=\"async\" width=\"1024\" height=\"768\" src=\"https:\/\/i0.wp.com\/wir2030.com\/wp-content\/uploads\/2025\/05\/ein-mensch-verirrt-im-paragraphen-dschungel.png?resize=1024%2C768&#038;ssl=1\" class=\"attachment-post-thumbnail size-post-thumbnail wp-post-image\" alt=\"Tesi 89: Se lo Stato controlla tutto, non c&#8217;\u00e8 spazio per la responsabilit\u00e0.\" style=\"width:100%;height:100%;object-fit:cover;\" srcset=\"https:\/\/i0.wp.com\/wir2030.com\/wp-content\/uploads\/2025\/05\/ein-mensch-verirrt-im-paragraphen-dschungel.png?w=1024&amp;ssl=1 1024w, https:\/\/i0.wp.com\/wir2030.com\/wp-content\/uploads\/2025\/05\/ein-mensch-verirrt-im-paragraphen-dschungel.png?resize=300%2C225&amp;ssl=1 300w, https:\/\/i0.wp.com\/wir2030.com\/wp-content\/uploads\/2025\/05\/ein-mensch-verirrt-im-paragraphen-dschungel.png?resize=768%2C576&amp;ssl=1 768w, https:\/\/i0.wp.com\/wir2030.com\/wp-content\/uploads\/2025\/05\/ein-mensch-verirrt-im-paragraphen-dschungel.png?resize=800%2C600&amp;ssl=1 800w, https:\/\/i0.wp.com\/wir2030.com\/wp-content\/uploads\/2025\/05\/ein-mensch-verirrt-im-paragraphen-dschungel.png?resize=600%2C450&amp;ssl=1 600w, https:\/\/i0.wp.com\/wir2030.com\/wp-content\/uploads\/2025\/05\/ein-mensch-verirrt-im-paragraphen-dschungel.png?resize=400%2C300&amp;ssl=1 400w, https:\/\/i0.wp.com\/wir2030.com\/wp-content\/uploads\/2025\/05\/ein-mensch-verirrt-im-paragraphen-dschungel.png?resize=200%2C150&amp;ssl=1 200w\" sizes=\"auto, (max-width: 1000px) 100vw, 1000px\" data-attachment-id=\"552\" data-permalink=\"https:\/\/wir2030.com\/it\/2025\/05\/20\/tesi-89-se-lo-stato-controlla-tutto-non-ce-spazio-per-la-responsabilita\/ein-mensch-verirrt-im-paragraphen-dschungel-2\/\" data-orig-file=\"https:\/\/i0.wp.com\/wir2030.com\/wp-content\/uploads\/2025\/05\/ein-mensch-verirrt-im-paragraphen-dschungel.png?fit=1024%2C768&amp;ssl=1\" data-orig-size=\"1024,768\" data-comments-opened=\"1\" data-image-meta=\"{&quot;aperture&quot;:&quot;0&quot;,&quot;credit&quot;:&quot;&quot;,&quot;camera&quot;:&quot;&quot;,&quot;caption&quot;:&quot;&quot;,&quot;created_timestamp&quot;:&quot;0&quot;,&quot;copyright&quot;:&quot;&quot;,&quot;focal_length&quot;:&quot;0&quot;,&quot;iso&quot;:&quot;0&quot;,&quot;shutter_speed&quot;:&quot;0&quot;,&quot;title&quot;:&quot;&quot;,&quot;orientation&quot;:&quot;0&quot;}\" data-image-title=\"ein-mensch-verirrt-im-paragraphen-dschungel\" data-image-description=\"\" data-image-caption=\"\" data-large-file=\"https:\/\/i0.wp.com\/wir2030.com\/wp-content\/uploads\/2025\/05\/ein-mensch-verirrt-im-paragraphen-dschungel.png?fit=1024%2C768&amp;ssl=1\" \/><\/a><\/figure>\n\n<h3 class=\"wp-block-post-title has-medium-font-size\"><a href=\"https:\/\/wir2030.com\/it\/2025\/05\/20\/tesi-89-se-lo-stato-controlla-tutto-non-ce-spazio-per-la-responsabilita\/\" target=\"_self\" >Tesi 89: Se lo Stato controlla tutto, non c&#8217;\u00e8 spazio per la responsabilit\u00e0.<\/a><\/h3>\n\n<div class=\"wp-block-post-date has-small-font-size\"><time datetime=\"2025-05-20T11:40:00+03:00\">20 Maggio 2025<\/time><\/div>\n\n\n<div style=\"height:var(--wp--preset--spacing--20)\" aria-hidden=\"true\" class=\"wp-block-spacer\"><\/div>\n<\/div>\n\n<\/li><\/ul>\n\n\n<div style=\"height:var(--wp--preset--spacing--30)\" aria-hidden=\"true\" class=\"wp-block-spacer\"><\/div>\n\n\n<nav class=\"wp-block-query-pagination is-content-justification-space-between is-layout-flex wp-container-core-query-pagination-is-layout-2b980c54 wp-block-query-pagination-is-layout-flex\" aria-label=\"Paginazione\">\n\n\n<a href=\"\/it\/wp-json\/wp\/v2\/pages\/947?query-0-page=2\" style=\"font-size:clamp(21.536px, 1.346rem + ((1vw - 3.2px) * 1.202), 35px);\" class=\"wp-block-query-pagination-next\">Pagina successiva<\/a>\n<\/nav><\/div>\n<\/div>\n<\/div>\n\n<div class=\"wp-block-group alignfull is-style-section-default has-global-padding is-content-justification-center is-layout-constrained wp-block-group-is-layout-constrained\" id=\"newsletter-section\" style=\"margin-top:0;margin-bottom:0;padding-top:var(--wp--preset--spacing--70);padding-bottom:var(--wp--preset--spacing--70)\">\n<div class=\"wp-block-columns alignwide are-vertically-aligned-center is-layout-flex wp-container-core-columns-is-layout-3b811c60 wp-block-columns-is-layout-flex\">\n<div class=\"wp-block-column is-vertically-aligned-center has-global-padding is-content-justification-left is-layout-constrained wp-container-core-column-is-layout-11297fa1 wp-block-column-is-layout-constrained\" style=\"padding-top:0;padding-bottom:0;flex-basis:60%\">\n<h2 class=\"wp-block-heading has-text-align-left\">Lavorare insieme per il cambiamento sociale<\/h2>\n<\/div>\n\n\n\n<div class=\"wp-block-column is-vertically-aligned-center is-layout-flow wp-container-core-column-is-layout-41d2f830 wp-block-column-is-layout-flow\" style=\"flex-basis:40%\"><div class=\"wp-block-jetpack-subscriptions__supports-newline wp-block-jetpack-subscriptions\">\n\t\t<div>\n\t\t\t<div>\n\t\t\t\t<div>\n\t\t\t\t\t<p >\n\t\t\t\t\t\t<a href=\"https:\/\/wir2030.com\/it\/?post_type=page&#038;p=947\" style=\"font-size: 16px;padding: 15px 23px 15px 23px;margin: 0; margin-left: 10px;border-radius: 0px;border-width: 1px; background-color: #113AF5; color: #FFFFFF; text-decoration: none; white-space: nowrap; margin-left: 0\">Iscriviti<\/a>\n\t\t\t\t\t<\/p>\n\t\t\t\t<\/div>\n\t\t\t<\/div>\n\t\t<\/div>\n\t<\/div><\/div>\n<\/div>\n<\/div>\n\n<div class=\"wp-block-group alignfull is-style-section-default has-global-padding is-content-justification-center is-layout-constrained wp-container-core-group-is-layout-78c35d76 wp-block-group-is-layout-constrained\" id=\"general-section\" style=\"margin-top:0;margin-bottom:0;padding-top:var(--wp--preset--spacing--50);padding-bottom:var(--wp--preset--spacing--50)\">\n<div class=\"wp-block-columns alignwide are-vertically-aligned-center is-layout-flex wp-container-core-columns-is-layout-129234f4 wp-block-columns-is-layout-flex\">\n<div class=\"wp-block-column is-vertically-aligned-center is-layout-flow wp-block-column-is-layout-flow\" style=\"flex-basis:66.66%\">\n<div class=\"wp-block-group alignwide is-layout-flow wp-block-group-is-layout-flow\" style=\"padding-right:24px\">\n<h2 class=\"wp-block-heading alignwide\">Promuovere attivamente il cambiamento sociale attraverso discussioni e iniziative<\/h2>\n<\/div>\n<\/div>\n\n\n\n<div class=\"wp-block-column is-vertically-aligned-center is-layout-flow wp-block-column-is-layout-flow\" style=\"flex-basis:33.33%\">\n<p class=\"has-text-align-left wp-container-content-663c14dd wp-block-paragraph\">La nostra piattaforma offre spazio alle campagne in corso e opportunit\u00e0 di coinvolgimento attivo nel cambiamento sociale. Partecipa con le tue idee e sostieni le nostre 95 tesi. <\/p>\n<\/div>\n<\/div>\n\n\n\n<div class=\"wp-block-columns alignwide are-vertically-aligned-center is-layout-flex wp-container-core-columns-is-layout-129234f4 wp-block-columns-is-layout-flex\">\n<div class=\"wp-block-column is-vertically-aligned-center is-layout-flow wp-block-column-is-layout-flow\" style=\"flex-basis:33.33%\">\n<figure class=\"wp-block-image size-full\"><img data-recalc-dims=\"1\" loading=\"lazy\" decoding=\"async\" width=\"816\" height=\"1300\" src=\"https:\/\/i0.wp.com\/wir2030.com\/wp-content\/uploads\/2025\/05\/pexels-photo-3278767-1.jpeg?resize=816%2C1300&#038;ssl=1\" alt=\"Cambiamento sociale\" class=\"wp-image-30\" style=\"aspect-ratio:3\/4;object-fit:cover\"\/><\/figure>\n<\/div>\n<\/div>\n<\/div>\n","protected":false},"excerpt":{"rendered":"<p>Insieme per il cambiamento sociale Cosa voleva Martin Lutero con le sue 95 tesi (brevemente riassunte): Martin Lutero non voleva distruggere la Chiesa, ma ricondurla alla sua vera missione.Le sue 95 tesi (1517) erano dirette contro: L \u201cobiettivo era una riforma dall\u201d interno che mettesse al centro le persone:Con coscienza, conoscenza e responsabilit\u00e0 davanti a [&hellip;]<\/p>\n","protected":false},"author":112514394,"featured_media":0,"parent":0,"menu_order":0,"comment_status":"closed","ping_status":"closed","template":"","meta":{"_crdt_document":"","advanced_seo_description":"","jetpack_seo_html_title":"","jetpack_seo_noindex":false,"footnotes":"","big_sky_generated":false},"class_list":["post-947","page","type-page","status-publish","hentry"],"jetpack_likes_enabled":true,"jetpack_sharing_enabled":true,"jetpack_shortlink":"https:\/\/wp.me\/Pgv6KY-fh","jetpack-related-posts":[],"_links":{"self":[{"href":"https:\/\/wir2030.com\/it\/wp-json\/wp\/v2\/pages\/947","targetHints":{"allow":["GET"]}}],"collection":[{"href":"https:\/\/wir2030.com\/it\/wp-json\/wp\/v2\/pages"}],"about":[{"href":"https:\/\/wir2030.com\/it\/wp-json\/wp\/v2\/types\/page"}],"author":[{"embeddable":true,"href":"https:\/\/wir2030.com\/it\/wp-json\/wp\/v2\/users\/112514394"}],"replies":[{"embeddable":true,"href":"https:\/\/wir2030.com\/it\/wp-json\/wp\/v2\/comments?post=947"}],"version-history":[{"count":4,"href":"https:\/\/wir2030.com\/it\/wp-json\/wp\/v2\/pages\/947\/revisions"}],"predecessor-version":[{"id":1176,"href":"https:\/\/wir2030.com\/it\/wp-json\/wp\/v2\/pages\/947\/revisions\/1176"}],"wp:attachment":[{"href":"https:\/\/wir2030.com\/it\/wp-json\/wp\/v2\/media?parent=947"}],"curies":[{"name":"wp","href":"https:\/\/api.w.org\/{rel}","templated":true}]}}